{"id":15688,"date":"2024-12-10T16:25:59","date_gmt":"2024-12-10T16:25:59","guid":{"rendered":"http:\/\/icco-instal.macrosight.co\/?page_id=15688"},"modified":"2026-02-23T12:57:30","modified_gmt":"2026-02-23T12:57:30","slug":"history","status":"publish","type":"page","link":"https:\/\/icco.ro\/en\/istoric\/","title":{"rendered":"History"},"content":{"rendered":"<div data-elementor-type=\"wp-page\" data-elementor-id=\"15688\" class=\"elementor elementor-15688\" data-elementor-post-type=\"page\">\n\t\t\t\t        <section class=\"elementor-section elementor-top-section elementor-element elementor-element-dd6246f elementor-section-stretched elementor-section-full_width hero-header-video history-hero elementor-section-height-default elementor-section-height-default pxl-row-scroll-none pxl-zoom-point-false pxl-section-overflow-visible pxl-full-content-with-space-none\" data-id=\"dd6246f\" data-element_type=\"section\" data-settings=\"{&quot;stretch_section&quot;:&quot;section-stretched&quot;,&quot;background_background&quot;:&quot;video&quot;,&quot;background_video_link&quot;:&quot;\\\/wp-content\\\/uploads\\\/2025\\\/02\\\/icco-timelapse-web.mp4&quot;,&quot;background_video_start&quot;:0}\">\n\n                                <div class=\"elementor-background-video-container elementor-hidden-phone\">\n                                            <video class=\"elementor-background-video-hosted elementor-html5-video\" autoplay muted playsinline loop><\/video>\n                                    <\/div>\n                            <div class=\"elementor-background-overlay\"><\/div>\n            \n                <div class=\"elementor-container elementor-column-gap-extended\">\n                <div class=\"elementor-column elementor-col-100 elementor-top-column elementor-element elementor-element-642a0b7 pxl-column-none pxl-column-overflow-hidden-no\" data-id=\"642a0b7\" data-element_type=\"column\">\r\n        <div class=\"elementor-widget-wrap elementor-element-populated\">\r\n                     \r\n                <section class=\"elementor-section elementor-inner-section elementor-element elementor-element-27caaae elementor-section-boxed elementor-section-height-default elementor-section-height-default pxl-row-scroll-none pxl-zoom-point-false pxl-section-overflow-visible\" data-id=\"27caaae\" data-element_type=\"section\">\n\n                \n                <div class=\"elementor-container elementor-column-gap-default\">\n                <div class=\"elementor-column elementor-col-100 elementor-inner-column elementor-element elementor-element-198289f pxl-column-none pxl-column-overflow-hidden-no\" data-id=\"198289f\" data-element_type=\"column\" data-settings=\"{&quot;background_background&quot;:&quot;classic&quot;}\">\r\n        <div class=\"elementor-widget-wrap elementor-element-populated\">\r\n                                <div class=\"elementor-background-overlay\"><\/div>\r\n         \r\n        \t\t<div class=\"elementor-element elementor-element-aa6a662 typography-h1 elementor-widget elementor-widget-pxl_heading\" data-id=\"aa6a662\" data-element_type=\"widget\" data-widget_type=\"pxl_heading.default\">\n\t\t\t\t<div class=\"elementor-widget-container\">\n\t\t\t\n<div id=\"pxl-pxl_heading-aa6a662-1259\" class=\"pxl-heading px-sub-title-default-style\">\n\t<div class=\"pxl-heading--inner\">\n\t\t\n\t\t<h3 class=\"pxl-item--title style-default ft-gt highlight-default\" data-wow-delay=\"ms\">\n\t\t\t\t\t\t\tHistory\t\n\t\t\t\t\n\t\t<\/h3>\n\t\t\n\t<\/div>\n<\/div>\t\t<\/div>\n\t\t\t\t<\/div>\n\t\t            <\/div>\r\n        <\/div>\r\n        \t\t\t<\/div>\n\t\t<\/section>\n\t\t            <\/div>\r\n        <\/div>\r\n        \t\t\t<\/div>\n\t\t<\/section>\n\t\t        <section class=\"elementor-section elementor-top-section elementor-element elementor-element-75c704e component-section-title history-title elementor-section-boxed elementor-section-height-default elementor-section-height-default pxl-row-scroll-none pxl-zoom-point-false pxl-section-overflow-visible\" data-id=\"75c704e\" data-element_type=\"section\">\n\n                \n                <div class=\"elementor-container elementor-column-gap-default\">\n                <div class=\"elementor-column elementor-col-100 elementor-top-column elementor-element elementor-element-6d505cc pxl-column-none pxl-column-overflow-hidden-no\" data-id=\"6d505cc\" data-element_type=\"column\">\r\n        <div class=\"elementor-widget-wrap elementor-element-populated\">\r\n                     \r\n        \t\t<div class=\"elementor-element elementor-element-b4933ca ft-gt typography-tag typography-h2 text-white elementor-widget elementor-widget-pxl_heading\" data-id=\"b4933ca\" data-element_type=\"widget\" data-widget_type=\"pxl_heading.default\">\n\t\t\t\t<div class=\"elementor-widget-container\">\n\t\t\t\n<div id=\"pxl-pxl_heading-b4933ca-6581\" class=\"pxl-heading px-sub-title-default-style\">\n\t<div class=\"pxl-heading--inner\">\n\t\t\t\t\t<div class=\"pxl-item--subtitle px-sub-title-default\" data-wow-delay=\"ms\">\n\t\t\t\t<span class=\"pxl-item--subtext\">\n\t\t\t\t\t\t\t\t\t\tHISTORY\t\t\t\t<\/span>\n\t\t\t<\/div>\n\t\t\n\t\t<h3 class=\"pxl-item--title style-default  highlight-default pxl-split-text split-in-fade\" data-wow-delay=\"1000ms\">\n\t\t\t\t\t\t\tThe Evolution of ICCO\t\n\t\t\t\t\n\t\t<\/h3>\n\t\t\n\t<\/div>\n<\/div>\t\t<\/div>\n\t\t\t\t<\/div>\n\t\t\t\t<div class=\"elementor-element elementor-element-d76d0cc typography-body1 text-lightgray elementor-widget elementor-widget-pxl_text_editor\" data-id=\"d76d0cc\" data-element_type=\"widget\" data-widget_type=\"pxl_text_editor.default\">\n\t\t\t\t<div class=\"elementor-widget-container\">\n\t\t\t<div class=\"pxl-text-editor\">\n\t<div class=\"pxl-item--inner\" data-wow-delay=\"ms\">\n\t\t<p>From its founding to the present, every stage in ICCO's history reflects innovation, perseverance, and a commitment to excellence.<\/p><p>Explore the key moments that have defined our journey and strengthened our position as a leader in multiple industries.<\/p>\t\t\n\t<\/div>\n<\/div>\t\t<\/div>\n\t\t\t\t<\/div>\n\t\t            <\/div>\r\n        <\/div>\r\n        \t\t\t<\/div>\n\t\t<\/section>\n\t\t        <section class=\"elementor-section elementor-top-section elementor-element elementor-element-34e17a5 elementor-section-stretched history-timeline elementor-section-boxed elementor-section-height-default elementor-section-height-default pxl-row-scroll-none pxl-zoom-point-false pxl-section-overflow-visible\" data-id=\"34e17a5\" data-element_type=\"section\" data-settings=\"{&quot;stretch_section&quot;:&quot;section-stretched&quot;}\">\n\n                \n                <div class=\"elementor-container elementor-column-gap-extended\">\n                <div class=\"elementor-column elementor-col-100 elementor-top-column elementor-element elementor-element-ea674a3 pxl-column-none pxl-column-overflow-hidden-no\" data-id=\"ea674a3\" data-element_type=\"column\">\r\n        <div class=\"elementor-widget-wrap elementor-element-populated\">\r\n                     \r\n        \t\t<div class=\"elementor-element elementor-element-224165f position-left elementor-invisible elementor-widget elementor-widget-pxl_process\" data-id=\"224165f\" data-element_type=\"widget\" data-settings=\"{&quot;_animation&quot;:&quot;fadeInUp&quot;}\" data-widget_type=\"pxl_process.default\">\n\t\t\t\t<div class=\"elementor-widget-container\">\n\t\t\t<div class=\"pxl-process pxl-process1\" data-wow-delay=\"ms\">\r\n            <div class=\"pxl-item--step\">\r\n            2025        <\/div>\r\n        <div class=\"pxl-item--inner\">\r\n                    <div class=\"pxl-item--image\">\r\n                <img fetchpriority=\"high\" decoding=\"async\" width=\"2016\" height=\"998\" src=\"https:\/\/icco.ro\/wp-content\/uploads\/2026\/02\/Thermotop-hala2.png\" class=\"attachment-full\" alt=\"\" srcset=\"https:\/\/icco.ro\/wp-content\/uploads\/2026\/02\/Thermotop-hala2.png 2016w, https:\/\/icco.ro\/wp-content\/uploads\/2026\/02\/Thermotop-hala2-300x149.png 300w, https:\/\/icco.ro\/wp-content\/uploads\/2026\/02\/Thermotop-hala2-1024x507.png 1024w, https:\/\/icco.ro\/wp-content\/uploads\/2026\/02\/Thermotop-hala2-768x380.png 768w, https:\/\/icco.ro\/wp-content\/uploads\/2026\/02\/Thermotop-hala2-1536x760.png 1536w, https:\/\/icco.ro\/wp-content\/uploads\/2026\/02\/Thermotop-hala2-18x9.png 18w, https:\/\/icco.ro\/wp-content\/uploads\/2026\/02\/Thermotop-hala2-1170x579.png 1170w\" sizes=\"(max-width: 2016px) 100vw, 2016px\" \/>            <\/div>\r\n                <div class=\"wrap-content\">\r\n            <h5 class=\"pxl-item--title el-empty\">Thermotop factory inauguration<\/h5>\r\n            <div class=\"pxl-item--description el-empty\">The Thermotop factory produces thermal insulation boards with PIR foam, a superior thermal insulation material.\n\n<\/div>\r\n                        <\/div>\r\n        <\/div>\r\n    <\/div>\t\t<\/div>\n\t\t\t\t<\/div>\n\t\t\t\t<div class=\"elementor-element elementor-element-ae9e009 elementor-invisible elementor-widget elementor-widget-pxl_process\" data-id=\"ae9e009\" data-element_type=\"widget\" data-settings=\"{&quot;_animation&quot;:&quot;fadeInUp&quot;}\" data-widget_type=\"pxl_process.default\">\n\t\t\t\t<div class=\"elementor-widget-container\">\n\t\t\t<div class=\"pxl-process pxl-process1\" data-wow-delay=\"ms\">\r\n            <div class=\"pxl-item--step\">\r\n            2025        <\/div>\r\n        <div class=\"pxl-item--inner\">\r\n                    <div class=\"pxl-item--image\">\r\n                <img decoding=\"async\" width=\"2400\" height=\"1600\" src=\"https:\/\/icco.ro\/wp-content\/uploads\/2026\/02\/35-1.jpg\" class=\"attachment-full\" alt=\"\" srcset=\"https:\/\/icco.ro\/wp-content\/uploads\/2026\/02\/35-1.jpg 2400w, https:\/\/icco.ro\/wp-content\/uploads\/2026\/02\/35-1-300x200.jpg 300w, https:\/\/icco.ro\/wp-content\/uploads\/2026\/02\/35-1-1024x683.jpg 1024w, https:\/\/icco.ro\/wp-content\/uploads\/2026\/02\/35-1-768x512.jpg 768w, https:\/\/icco.ro\/wp-content\/uploads\/2026\/02\/35-1-1536x1024.jpg 1536w, https:\/\/icco.ro\/wp-content\/uploads\/2026\/02\/35-1-2048x1365.jpg 2048w, https:\/\/icco.ro\/wp-content\/uploads\/2026\/02\/35-1-18x12.jpg 18w, https:\/\/icco.ro\/wp-content\/uploads\/2026\/02\/35-1-1065x710.jpg 1065w\" sizes=\"(max-width: 2400px) 100vw, 2400px\" \/>            <\/div>\r\n                <div class=\"wrap-content\">\r\n            <h5 class=\"pxl-item--title el-empty\">ICCO celebrates 35 years<\/h5>\r\n            <div class=\"pxl-item--description el-empty\">35 years in which the ICCO group is recognized for the complexity and size of projects, the professionalism and flexibility of the team and the dynamic development of new business opportunities at national level.\n<\/div>\r\n                        <\/div>\r\n        <\/div>\r\n    <\/div>\t\t<\/div>\n\t\t\t\t<\/div>\n\t\t\t\t<div class=\"elementor-element elementor-element-d8623d1 position-left elementor-invisible elementor-widget elementor-widget-pxl_process\" data-id=\"d8623d1\" data-element_type=\"widget\" data-settings=\"{&quot;_animation&quot;:&quot;fadeInUp&quot;}\" data-widget_type=\"pxl_process.default\">\n\t\t\t\t<div class=\"elementor-widget-container\">\n\t\t\t<div class=\"pxl-process pxl-process1\" data-wow-delay=\"ms\">\r\n            <div class=\"pxl-item--step\">\r\n            2025        <\/div>\r\n        <div class=\"pxl-item--inner\">\r\n                    <div class=\"pxl-item--image\">\r\n                <img decoding=\"async\" width=\"2560\" height=\"1639\" src=\"https:\/\/icco.ro\/wp-content\/uploads\/2026\/02\/crop-site-scaled.jpg\" class=\"attachment-full\" alt=\"\" srcset=\"https:\/\/icco.ro\/wp-content\/uploads\/2026\/02\/crop-site-scaled.jpg 2560w, https:\/\/icco.ro\/wp-content\/uploads\/2026\/02\/crop-site-300x192.jpg 300w, https:\/\/icco.ro\/wp-content\/uploads\/2026\/02\/crop-site-1024x656.jpg 1024w, https:\/\/icco.ro\/wp-content\/uploads\/2026\/02\/crop-site-768x492.jpg 768w, https:\/\/icco.ro\/wp-content\/uploads\/2026\/02\/crop-site-1536x984.jpg 1536w, https:\/\/icco.ro\/wp-content\/uploads\/2026\/02\/crop-site-2048x1311.jpg 2048w, https:\/\/icco.ro\/wp-content\/uploads\/2026\/02\/crop-site-18x12.jpg 18w, https:\/\/icco.ro\/wp-content\/uploads\/2026\/02\/crop-site-1109x710.jpg 1109w\" sizes=\"(max-width: 2560px) 100vw, 2560px\" \/>            <\/div>\r\n                <div class=\"wrap-content\">\r\n            <h5 class=\"pxl-item--title el-empty\">ICCO Takes on a New Look<\/h5>\r\n            <div class=\"pxl-item--description el-empty\">The digital rebranding of the ICCO Group as an entity, along with the rebranding of the ICCO companies.<\/div>\r\n                        <\/div>\r\n        <\/div>\r\n    <\/div>\t\t<\/div>\n\t\t\t\t<\/div>\n\t\t\t\t<div class=\"elementor-element elementor-element-cb3319a elementor-invisible elementor-widget elementor-widget-pxl_process\" data-id=\"cb3319a\" data-element_type=\"widget\" data-settings=\"{&quot;_animation&quot;:&quot;fadeInUp&quot;}\" data-widget_type=\"pxl_process.default\">\n\t\t\t\t<div class=\"elementor-widget-container\">\n\t\t\t<div class=\"pxl-process pxl-process1\" data-wow-delay=\"ms\">\r\n            <div class=\"pxl-item--step\">\r\n            2024        <\/div>\r\n        <div class=\"pxl-item--inner\">\r\n                    <div class=\"pxl-item--image\">\r\n                <img loading=\"lazy\" decoding=\"async\" width=\"1600\" height=\"784\" src=\"https:\/\/icco.ro\/wp-content\/uploads\/2026\/02\/2024_matikon-M2.jpg\" class=\"attachment-full\" alt=\"\" srcset=\"https:\/\/icco.ro\/wp-content\/uploads\/2026\/02\/2024_matikon-M2.jpg 1600w, https:\/\/icco.ro\/wp-content\/uploads\/2026\/02\/2024_matikon-M2-300x147.jpg 300w, https:\/\/icco.ro\/wp-content\/uploads\/2026\/02\/2024_matikon-M2-1024x502.jpg 1024w, https:\/\/icco.ro\/wp-content\/uploads\/2026\/02\/2024_matikon-M2-768x376.jpg 768w, https:\/\/icco.ro\/wp-content\/uploads\/2026\/02\/2024_matikon-M2-1536x753.jpg 1536w, https:\/\/icco.ro\/wp-content\/uploads\/2026\/02\/2024_matikon-M2-18x9.jpg 18w, https:\/\/icco.ro\/wp-content\/uploads\/2026\/02\/2024_matikon-M2-1170x573.jpg 1170w\" sizes=\"(max-width: 1600px) 100vw, 1600px\" \/>            <\/div>\r\n                <div class=\"wrap-content\">\r\n            <h5 class=\"pxl-item--title el-empty\">Matikon - Module 2<\/h5>\r\n            <div class=\"pxl-item--description el-empty\">Matikon expands with 17.500 square meters in Industrial Park Brasov.\n<\/div>\r\n                        <\/div>\r\n        <\/div>\r\n    <\/div>\t\t<\/div>\n\t\t\t\t<\/div>\n\t\t\t\t<div class=\"elementor-element elementor-element-78223e6 position-left elementor-invisible elementor-widget elementor-widget-pxl_process\" data-id=\"78223e6\" data-element_type=\"widget\" data-settings=\"{&quot;_animation&quot;:&quot;fadeInUp&quot;}\" data-widget_type=\"pxl_process.default\">\n\t\t\t\t<div class=\"elementor-widget-container\">\n\t\t\t<div class=\"pxl-process pxl-process1\" data-wow-delay=\"ms\">\r\n            <div class=\"pxl-item--step\">\r\n            2023        <\/div>\r\n        <div class=\"pxl-item--inner\">\r\n                    <div class=\"pxl-item--image\">\r\n                <img loading=\"lazy\" decoding=\"async\" width=\"1600\" height=\"783\" src=\"https:\/\/icco.ro\/wp-content\/uploads\/2026\/02\/2023_bench-M3.jpg\" class=\"attachment-full\" alt=\"\" srcset=\"https:\/\/icco.ro\/wp-content\/uploads\/2026\/02\/2023_bench-M3.jpg 1600w, https:\/\/icco.ro\/wp-content\/uploads\/2026\/02\/2023_bench-M3-300x147.jpg 300w, https:\/\/icco.ro\/wp-content\/uploads\/2026\/02\/2023_bench-M3-1024x501.jpg 1024w, https:\/\/icco.ro\/wp-content\/uploads\/2026\/02\/2023_bench-M3-768x376.jpg 768w, https:\/\/icco.ro\/wp-content\/uploads\/2026\/02\/2023_bench-M3-1536x752.jpg 1536w, https:\/\/icco.ro\/wp-content\/uploads\/2026\/02\/2023_bench-M3-18x9.jpg 18w, https:\/\/icco.ro\/wp-content\/uploads\/2026\/02\/2023_bench-M3-1170x573.jpg 1170w\" sizes=\"(max-width: 1600px) 100vw, 1600px\" \/>            <\/div>\r\n                <div class=\"wrap-content\">\r\n            <h5 class=\"pxl-item--title el-empty\">Benchmark - Module 3<\/h5>\r\n            <div class=\"pxl-item--description el-empty\">Benchmark expands with 7.500 square meters in Industrial Park Brasov.\n<\/div>\r\n                        <\/div>\r\n        <\/div>\r\n    <\/div>\t\t<\/div>\n\t\t\t\t<\/div>\n\t\t\t\t<div class=\"elementor-element elementor-element-62f4371 elementor-invisible elementor-widget elementor-widget-pxl_process\" data-id=\"62f4371\" data-element_type=\"widget\" data-settings=\"{&quot;_animation&quot;:&quot;fadeInUp&quot;}\" data-widget_type=\"pxl_process.default\">\n\t\t\t\t<div class=\"elementor-widget-container\">\n\t\t\t<div class=\"pxl-process pxl-process1\" data-wow-delay=\"ms\">\r\n            <div class=\"pxl-item--step\">\r\n            2023        <\/div>\r\n        <div class=\"pxl-item--inner\">\r\n                    <div class=\"pxl-item--image\">\r\n                <img loading=\"lazy\" decoding=\"async\" width=\"1600\" height=\"783\" src=\"https:\/\/icco.ro\/wp-content\/uploads\/2026\/02\/2023_sennh-M2.jpg\" class=\"attachment-full\" alt=\"\" srcset=\"https:\/\/icco.ro\/wp-content\/uploads\/2026\/02\/2023_sennh-M2.jpg 1600w, https:\/\/icco.ro\/wp-content\/uploads\/2026\/02\/2023_sennh-M2-300x147.jpg 300w, https:\/\/icco.ro\/wp-content\/uploads\/2026\/02\/2023_sennh-M2-1024x501.jpg 1024w, https:\/\/icco.ro\/wp-content\/uploads\/2026\/02\/2023_sennh-M2-768x376.jpg 768w, https:\/\/icco.ro\/wp-content\/uploads\/2026\/02\/2023_sennh-M2-1536x752.jpg 1536w, https:\/\/icco.ro\/wp-content\/uploads\/2026\/02\/2023_sennh-M2-18x9.jpg 18w, https:\/\/icco.ro\/wp-content\/uploads\/2026\/02\/2023_sennh-M2-1170x573.jpg 1170w\" sizes=\"(max-width: 1600px) 100vw, 1600px\" \/>            <\/div>\r\n                <div class=\"wrap-content\">\r\n            <h5 class=\"pxl-item--title el-empty\">Sennheiser - Modul 2<\/h5>\r\n            <div class=\"pxl-item--description el-empty\">Sennheiser expands by 6,400 square meters in Industrial Park Brasov.\n<\/div>\r\n                        <\/div>\r\n        <\/div>\r\n    <\/div>\t\t<\/div>\n\t\t\t\t<\/div>\n\t\t\t\t<div class=\"elementor-element elementor-element-bdc3d98 position-left elementor-invisible elementor-widget elementor-widget-pxl_process\" data-id=\"bdc3d98\" data-element_type=\"widget\" data-settings=\"{&quot;_animation&quot;:&quot;fadeInUp&quot;}\" data-widget_type=\"pxl_process.default\">\n\t\t\t\t<div class=\"elementor-widget-container\">\n\t\t\t<div class=\"pxl-process pxl-process1\" data-wow-delay=\"ms\">\r\n            <div class=\"pxl-item--step\">\r\n            2021        <\/div>\r\n        <div class=\"pxl-item--inner\">\r\n                    <div class=\"pxl-item--image\">\r\n                <img loading=\"lazy\" decoding=\"async\" width=\"960\" height=\"368\" src=\"https:\/\/icco.ro\/wp-content\/uploads\/2024\/12\/Frame-433.webp\" class=\"attachment-full\" alt=\"\" srcset=\"https:\/\/icco.ro\/wp-content\/uploads\/2024\/12\/Frame-433.webp 960w, https:\/\/icco.ro\/wp-content\/uploads\/2024\/12\/Frame-433-600x230.webp 600w, https:\/\/icco.ro\/wp-content\/uploads\/2024\/12\/Frame-433-300x115.webp 300w, https:\/\/icco.ro\/wp-content\/uploads\/2024\/12\/Frame-433-768x294.webp 768w, https:\/\/icco.ro\/wp-content\/uploads\/2024\/12\/Frame-433-18x7.webp 18w\" sizes=\"(max-width: 960px) 100vw, 960px\" \/>            <\/div>\r\n                <div class=\"wrap-content\">\r\n            <h5 class=\"pxl-item--title el-empty\">Industrial Park Bra\u0219ov Rebranding<\/h5>\r\n            <div class=\"pxl-item--description el-empty translation-block\">Since 2007, the  <a href=\"http:\/\/www.parc-industrial.ro\/en\" target=\"_blank\">Industrial Park Bra\u0219ov <\/a>project has grown and evolved, and we felt it was time for a change.<\/div>\r\n                        <\/div>\r\n        <\/div>\r\n    <\/div>\t\t<\/div>\n\t\t\t\t<\/div>\n\t\t\t\t<div class=\"elementor-element elementor-element-575d273 elementor-invisible elementor-widget elementor-widget-pxl_process\" data-id=\"575d273\" data-element_type=\"widget\" data-settings=\"{&quot;_animation&quot;:&quot;fadeInUp&quot;}\" data-widget_type=\"pxl_process.default\">\n\t\t\t\t<div class=\"elementor-widget-container\">\n\t\t\t<div class=\"pxl-process pxl-process1\" data-wow-delay=\"ms\">\r\n            <div class=\"pxl-item--step\">\r\n            2020        <\/div>\r\n        <div class=\"pxl-item--inner\">\r\n                    <div class=\"pxl-item--image\">\r\n                <img loading=\"lazy\" decoding=\"async\" width=\"2245\" height=\"735\" src=\"https:\/\/icco.ro\/wp-content\/uploads\/2026\/02\/icco30.png\" class=\"attachment-full\" alt=\"\" srcset=\"https:\/\/icco.ro\/wp-content\/uploads\/2026\/02\/icco30.png 2245w, https:\/\/icco.ro\/wp-content\/uploads\/2026\/02\/icco30-300x98.png 300w, https:\/\/icco.ro\/wp-content\/uploads\/2026\/02\/icco30-1024x335.png 1024w, https:\/\/icco.ro\/wp-content\/uploads\/2026\/02\/icco30-768x251.png 768w, https:\/\/icco.ro\/wp-content\/uploads\/2026\/02\/icco30-1536x503.png 1536w, https:\/\/icco.ro\/wp-content\/uploads\/2026\/02\/icco30-2048x671.png 2048w, https:\/\/icco.ro\/wp-content\/uploads\/2026\/02\/icco30-18x6.png 18w, https:\/\/icco.ro\/wp-content\/uploads\/2026\/02\/icco30-1170x383.png 1170w\" sizes=\"(max-width: 2245px) 100vw, 2245px\" \/>            <\/div>\r\n                <div class=\"wrap-content\">\r\n            <h5 class=\"pxl-item--title el-empty\">ICCO Celebrates 30 Years<\/h5>\r\n            <div class=\"pxl-item--description el-empty\">We celebrated 30 years of providing integrated solutions and services in various fields.<\/div>\r\n                        <\/div>\r\n        <\/div>\r\n    <\/div>\t\t<\/div>\n\t\t\t\t<\/div>\n\t\t\t\t<div class=\"elementor-element elementor-element-9bac333 position-left elementor-invisible elementor-widget elementor-widget-pxl_process\" data-id=\"9bac333\" data-element_type=\"widget\" data-settings=\"{&quot;_animation&quot;:&quot;fadeInUp&quot;}\" data-widget_type=\"pxl_process.default\">\n\t\t\t\t<div class=\"elementor-widget-container\">\n\t\t\t<div class=\"pxl-process pxl-process1\" data-wow-delay=\"ms\">\r\n            <div class=\"pxl-item--step\">\r\n            2019        <\/div>\r\n        <div class=\"pxl-item--inner\">\r\n                    <div class=\"pxl-item--image\">\r\n                <img loading=\"lazy\" decoding=\"async\" width=\"1000\" height=\"467\" src=\"https:\/\/icco.ro\/wp-content\/uploads\/2025\/02\/2019-Clinicco-e1739013099480.jpg\" class=\"attachment-full\" alt=\"\" srcset=\"https:\/\/icco.ro\/wp-content\/uploads\/2025\/02\/2019-Clinicco-e1739013099480.jpg 1000w, https:\/\/icco.ro\/wp-content\/uploads\/2025\/02\/2019-Clinicco-e1739013099480-600x280.jpg 600w, https:\/\/icco.ro\/wp-content\/uploads\/2025\/02\/2019-Clinicco-e1739013099480-300x140.jpg 300w, https:\/\/icco.ro\/wp-content\/uploads\/2025\/02\/2019-Clinicco-e1739013099480-768x359.jpg 768w, https:\/\/icco.ro\/wp-content\/uploads\/2025\/02\/2019-Clinicco-e1739013099480-18x8.jpg 18w\" sizes=\"(max-width: 1000px) 100vw, 1000px\" \/>            <\/div>\r\n                <div class=\"wrap-content\">\r\n            <h5 class=\"pxl-item--title el-empty\">CLINICCO celebrates 10 years<\/h5>\r\n            <div class=\"pxl-item--description el-empty\">CLINICCO Hospital is celebrating 10 years of medical activity, being known throughout the country for its interventional cardiology center, cardiovascular surgery and orthopedics clinic.<\/div>\r\n                        <\/div>\r\n        <\/div>\r\n    <\/div>\t\t<\/div>\n\t\t\t\t<\/div>\n\t\t\t\t<div class=\"elementor-element elementor-element-bb485d9 elementor-invisible elementor-widget elementor-widget-pxl_process\" data-id=\"bb485d9\" data-element_type=\"widget\" data-settings=\"{&quot;_animation&quot;:&quot;fadeInUp&quot;}\" data-widget_type=\"pxl_process.default\">\n\t\t\t\t<div class=\"elementor-widget-container\">\n\t\t\t<div class=\"pxl-process pxl-process1\" data-wow-delay=\"ms\">\r\n            <div class=\"pxl-item--step\">\r\n            2018        <\/div>\r\n        <div class=\"pxl-item--inner\">\r\n                    <div class=\"pxl-item--image\">\r\n                <img loading=\"lazy\" decoding=\"async\" width=\"1920\" height=\"1192\" src=\"https:\/\/icco.ro\/wp-content\/uploads\/2025\/02\/2018-Industrial-Park-Brasov-aniverseaza-10-ani-.webp\" class=\"attachment-full\" alt=\"\" srcset=\"https:\/\/icco.ro\/wp-content\/uploads\/2025\/02\/2018-Industrial-Park-Brasov-aniverseaza-10-ani-.webp 1920w, https:\/\/icco.ro\/wp-content\/uploads\/2025\/02\/2018-Industrial-Park-Brasov-aniverseaza-10-ani--600x373.webp 600w, https:\/\/icco.ro\/wp-content\/uploads\/2025\/02\/2018-Industrial-Park-Brasov-aniverseaza-10-ani--300x186.webp 300w, https:\/\/icco.ro\/wp-content\/uploads\/2025\/02\/2018-Industrial-Park-Brasov-aniverseaza-10-ani--1024x636.webp 1024w, https:\/\/icco.ro\/wp-content\/uploads\/2025\/02\/2018-Industrial-Park-Brasov-aniverseaza-10-ani--768x477.webp 768w, https:\/\/icco.ro\/wp-content\/uploads\/2025\/02\/2018-Industrial-Park-Brasov-aniverseaza-10-ani--1536x954.webp 1536w, https:\/\/icco.ro\/wp-content\/uploads\/2025\/02\/2018-Industrial-Park-Brasov-aniverseaza-10-ani--18x12.webp 18w, https:\/\/icco.ro\/wp-content\/uploads\/2025\/02\/2018-Industrial-Park-Brasov-aniverseaza-10-ani--1144x710.webp 1144w\" sizes=\"(max-width: 1920px) 100vw, 1920px\" \/>            <\/div>\r\n                <div class=\"wrap-content\">\r\n            <h5 class=\"pxl-item--title el-empty\">Industrial Park Bra\u0219ov Celebrates 10 Years<\/h5>\r\n            <div class=\"pxl-item--description el-empty\">This year marks 10 years of operation for Industrial Park Bra\u0219ov, a hub for developing industrial spaces based on specific customer requirements.<\/div>\r\n                        <\/div>\r\n        <\/div>\r\n    <\/div>\t\t<\/div>\n\t\t\t\t<\/div>\n\t\t\t\t<div class=\"elementor-element elementor-element-22e56f9 position-left elementor-invisible elementor-widget elementor-widget-pxl_process\" data-id=\"22e56f9\" data-element_type=\"widget\" data-settings=\"{&quot;_animation&quot;:&quot;fadeInUp&quot;}\" data-widget_type=\"pxl_process.default\">\n\t\t\t\t<div class=\"elementor-widget-container\">\n\t\t\t<div class=\"pxl-process pxl-process1\" data-wow-delay=\"ms\">\r\n            <div class=\"pxl-item--step\">\r\n            2018        <\/div>\r\n        <div class=\"pxl-item--inner\">\r\n                    <div class=\"pxl-item--image\">\r\n                <img loading=\"lazy\" decoding=\"async\" width=\"1595\" height=\"792\" src=\"https:\/\/icco.ro\/wp-content\/uploads\/2026\/02\/2018_sennh-M1.jpg\" class=\"attachment-full\" alt=\"\" srcset=\"https:\/\/icco.ro\/wp-content\/uploads\/2026\/02\/2018_sennh-M1.jpg 1595w, https:\/\/icco.ro\/wp-content\/uploads\/2026\/02\/2018_sennh-M1-300x149.jpg 300w, https:\/\/icco.ro\/wp-content\/uploads\/2026\/02\/2018_sennh-M1-1024x508.jpg 1024w, https:\/\/icco.ro\/wp-content\/uploads\/2026\/02\/2018_sennh-M1-768x381.jpg 768w, https:\/\/icco.ro\/wp-content\/uploads\/2026\/02\/2018_sennh-M1-1536x763.jpg 1536w, https:\/\/icco.ro\/wp-content\/uploads\/2026\/02\/2018_sennh-M1-18x9.jpg 18w, https:\/\/icco.ro\/wp-content\/uploads\/2026\/02\/2018_sennh-M1-1170x581.jpg 1170w\" sizes=\"(max-width: 1595px) 100vw, 1595px\" \/>            <\/div>\r\n                <div class=\"wrap-content\">\r\n            <h5 class=\"pxl-item--title el-empty\">Sennheiser<\/h5>\r\n            <div class=\"pxl-item--description el-empty\">The contract with Sennheiser for the development of a production hall at Industrial Park Bra\u0219ov is signed.<\/div>\r\n                        <\/div>\r\n        <\/div>\r\n    <\/div>\t\t<\/div>\n\t\t\t\t<\/div>\n\t\t\t\t<div class=\"elementor-element elementor-element-80735bc elementor-invisible elementor-widget elementor-widget-pxl_process\" data-id=\"80735bc\" data-element_type=\"widget\" data-settings=\"{&quot;_animation&quot;:&quot;fadeInUp&quot;}\" data-widget_type=\"pxl_process.default\">\n\t\t\t\t<div class=\"elementor-widget-container\">\n\t\t\t<div class=\"pxl-process pxl-process1\" data-wow-delay=\"ms\">\r\n            <div class=\"pxl-item--step\">\r\n            2018        <\/div>\r\n        <div class=\"pxl-item--inner\">\r\n                    <div class=\"pxl-item--image\">\r\n                <img loading=\"lazy\" decoding=\"async\" width=\"1600\" height=\"790\" src=\"https:\/\/icco.ro\/wp-content\/uploads\/2026\/02\/Clinicco-2018.png\" class=\"attachment-full\" alt=\"\" srcset=\"https:\/\/icco.ro\/wp-content\/uploads\/2026\/02\/Clinicco-2018.png 1600w, https:\/\/icco.ro\/wp-content\/uploads\/2026\/02\/Clinicco-2018-300x148.png 300w, https:\/\/icco.ro\/wp-content\/uploads\/2026\/02\/Clinicco-2018-1024x506.png 1024w, https:\/\/icco.ro\/wp-content\/uploads\/2026\/02\/Clinicco-2018-768x379.png 768w, https:\/\/icco.ro\/wp-content\/uploads\/2026\/02\/Clinicco-2018-1536x758.png 1536w, https:\/\/icco.ro\/wp-content\/uploads\/2026\/02\/Clinicco-2018-18x9.png 18w, https:\/\/icco.ro\/wp-content\/uploads\/2026\/02\/Clinicco-2018-1170x578.png 1170w\" sizes=\"(max-width: 1600px) 100vw, 1600px\" \/>            <\/div>\r\n                <div class=\"wrap-content\">\r\n            <h5 class=\"pxl-item--title el-empty\">Eastern European premiere at CLINICCO<\/h5>\r\n            <div class=\"pxl-item--description el-empty\">For the first time in Eastern Europe, CLINICCO has installed the first Cardiac Contractility Modulation (CCM) device, a revolutionary device for treating heart failure.<\/div>\r\n                        <\/div>\r\n        <\/div>\r\n    <\/div>\t\t<\/div>\n\t\t\t\t<\/div>\n\t\t\t\t<div class=\"elementor-element elementor-element-8cb9567 position-left elementor-invisible elementor-widget elementor-widget-pxl_process\" data-id=\"8cb9567\" data-element_type=\"widget\" data-settings=\"{&quot;_animation&quot;:&quot;fadeInUp&quot;}\" data-widget_type=\"pxl_process.default\">\n\t\t\t\t<div class=\"elementor-widget-container\">\n\t\t\t<div class=\"pxl-process pxl-process1\" data-wow-delay=\"ms\">\r\n            <div class=\"pxl-item--step\">\r\n            2017        <\/div>\r\n        <div class=\"pxl-item--inner\">\r\n                    <div class=\"pxl-item--image\">\r\n                <img loading=\"lazy\" decoding=\"async\" width=\"2245\" height=\"735\" src=\"https:\/\/icco.ro\/wp-content\/uploads\/2026\/02\/moveos.png\" class=\"attachment-full\" alt=\"\" srcset=\"https:\/\/icco.ro\/wp-content\/uploads\/2026\/02\/moveos.png 2245w, https:\/\/icco.ro\/wp-content\/uploads\/2026\/02\/moveos-300x98.png 300w, https:\/\/icco.ro\/wp-content\/uploads\/2026\/02\/moveos-1024x335.png 1024w, https:\/\/icco.ro\/wp-content\/uploads\/2026\/02\/moveos-768x251.png 768w, https:\/\/icco.ro\/wp-content\/uploads\/2026\/02\/moveos-1536x503.png 1536w, https:\/\/icco.ro\/wp-content\/uploads\/2026\/02\/moveos-2048x671.png 2048w, https:\/\/icco.ro\/wp-content\/uploads\/2026\/02\/moveos-18x6.png 18w, https:\/\/icco.ro\/wp-content\/uploads\/2026\/02\/moveos-1170x383.png 1170w\" sizes=\"(max-width: 2245px) 100vw, 2245px\" \/>            <\/div>\r\n                <div class=\"wrap-content\">\r\n            <h5 class=\"pxl-item--title el-empty\">Moveos<\/h5>\r\n            <div class=\"pxl-item--description el-empty\">Setting up the firm <a href=\"https:\/\/moveos.ro\" target=\"_blank\">Moveos<\/a> - customized labor supply and production services.<\/div>\r\n                        <\/div>\r\n        <\/div>\r\n    <\/div>\t\t<\/div>\n\t\t\t\t<\/div>\n\t\t\t\t<div class=\"elementor-element elementor-element-97b2381 elementor-invisible elementor-widget elementor-widget-pxl_process\" data-id=\"97b2381\" data-element_type=\"widget\" data-settings=\"{&quot;_animation&quot;:&quot;fadeInUp&quot;}\" data-widget_type=\"pxl_process.default\">\n\t\t\t\t<div class=\"elementor-widget-container\">\n\t\t\t<div class=\"pxl-process pxl-process1\" data-wow-delay=\"ms\">\r\n            <div class=\"pxl-item--step\">\r\n            2017        <\/div>\r\n        <div class=\"pxl-item--inner\">\r\n                    <div class=\"pxl-item--image\">\r\n                <img loading=\"lazy\" decoding=\"async\" width=\"960\" height=\"370\" src=\"https:\/\/icco.ro\/wp-content\/uploads\/2025\/01\/2017-PMG-Sinter-in-Industrial-Park-Brasov.png\" class=\"attachment-full\" alt=\"\" srcset=\"https:\/\/icco.ro\/wp-content\/uploads\/2025\/01\/2017-PMG-Sinter-in-Industrial-Park-Brasov.png 960w, https:\/\/icco.ro\/wp-content\/uploads\/2025\/01\/2017-PMG-Sinter-in-Industrial-Park-Brasov-600x231.png 600w, https:\/\/icco.ro\/wp-content\/uploads\/2025\/01\/2017-PMG-Sinter-in-Industrial-Park-Brasov-300x116.png 300w, https:\/\/icco.ro\/wp-content\/uploads\/2025\/01\/2017-PMG-Sinter-in-Industrial-Park-Brasov-768x296.png 768w, https:\/\/icco.ro\/wp-content\/uploads\/2025\/01\/2017-PMG-Sinter-in-Industrial-Park-Brasov-18x7.png 18w\" sizes=\"(max-width: 960px) 100vw, 960px\" \/>            <\/div>\r\n                <div class=\"wrap-content\">\r\n            <h5 class=\"pxl-item--title el-empty\">PMG Sinter at Industrial Park Bra\u0219ov<\/h5>\r\n            <div class=\"pxl-item--description el-empty\">A contract with PMG Sinter is signed for the development of a 5,500 sqm production hall within Industrial Park Bra\u0219ov.<\/div>\r\n                        <\/div>\r\n        <\/div>\r\n    <\/div>\t\t<\/div>\n\t\t\t\t<\/div>\n\t\t\t\t<div class=\"elementor-element elementor-element-bc20fe1 position-left elementor-invisible elementor-widget elementor-widget-pxl_process\" data-id=\"bc20fe1\" data-element_type=\"widget\" data-settings=\"{&quot;_animation&quot;:&quot;fadeInUp&quot;}\" data-widget_type=\"pxl_process.default\">\n\t\t\t\t<div class=\"elementor-widget-container\">\n\t\t\t<div class=\"pxl-process pxl-process1\" data-wow-delay=\"ms\">\r\n            <div class=\"pxl-item--step\">\r\n            2017        <\/div>\r\n        <div class=\"pxl-item--inner\">\r\n                    <div class=\"pxl-item--image\">\r\n                <img loading=\"lazy\" decoding=\"async\" width=\"960\" height=\"370\" src=\"https:\/\/icco.ro\/wp-content\/uploads\/2025\/01\/2017-NBHX-Rolem-in-Industrial-Park-Brasov.png\" class=\"attachment-full\" alt=\"\" srcset=\"https:\/\/icco.ro\/wp-content\/uploads\/2025\/01\/2017-NBHX-Rolem-in-Industrial-Park-Brasov.png 960w, https:\/\/icco.ro\/wp-content\/uploads\/2025\/01\/2017-NBHX-Rolem-in-Industrial-Park-Brasov-600x231.png 600w, https:\/\/icco.ro\/wp-content\/uploads\/2025\/01\/2017-NBHX-Rolem-in-Industrial-Park-Brasov-300x116.png 300w, https:\/\/icco.ro\/wp-content\/uploads\/2025\/01\/2017-NBHX-Rolem-in-Industrial-Park-Brasov-768x296.png 768w, https:\/\/icco.ro\/wp-content\/uploads\/2025\/01\/2017-NBHX-Rolem-in-Industrial-Park-Brasov-18x7.png 18w\" sizes=\"(max-width: 960px) 100vw, 960px\" \/>            <\/div>\r\n                <div class=\"wrap-content\">\r\n            <h5 class=\"pxl-item--title el-empty\">NBHX Rolem at Industrial Park Bra\u0219ov<\/h5>\r\n            <div class=\"pxl-item--description el-empty\">Industrial Park Bra\u0219ov expands with a new production hall for Rolem.<\/div>\r\n                        <\/div>\r\n        <\/div>\r\n    <\/div>\t\t<\/div>\n\t\t\t\t<\/div>\n\t\t\t\t<div class=\"elementor-element elementor-element-cd4c6b4 elementor-invisible elementor-widget elementor-widget-pxl_process\" data-id=\"cd4c6b4\" data-element_type=\"widget\" data-settings=\"{&quot;_animation&quot;:&quot;fadeInUp&quot;}\" data-widget_type=\"pxl_process.default\">\n\t\t\t\t<div class=\"elementor-widget-container\">\n\t\t\t<div class=\"pxl-process pxl-process1\" data-wow-delay=\"ms\">\r\n            <div class=\"pxl-item--step\">\r\n            2016        <\/div>\r\n        <div class=\"pxl-item--inner\">\r\n                    <div class=\"pxl-item--image\">\r\n                <img loading=\"lazy\" decoding=\"async\" width=\"1601\" height=\"790\" src=\"https:\/\/icco.ro\/wp-content\/uploads\/2026\/02\/IPB-2016.png\" class=\"attachment-full\" alt=\"\" srcset=\"https:\/\/icco.ro\/wp-content\/uploads\/2026\/02\/IPB-2016.png 1601w, https:\/\/icco.ro\/wp-content\/uploads\/2026\/02\/IPB-2016-300x148.png 300w, https:\/\/icco.ro\/wp-content\/uploads\/2026\/02\/IPB-2016-1024x505.png 1024w, https:\/\/icco.ro\/wp-content\/uploads\/2026\/02\/IPB-2016-768x379.png 768w, https:\/\/icco.ro\/wp-content\/uploads\/2026\/02\/IPB-2016-1536x758.png 1536w, https:\/\/icco.ro\/wp-content\/uploads\/2026\/02\/IPB-2016-18x9.png 18w, https:\/\/icco.ro\/wp-content\/uploads\/2026\/02\/IPB-2016-1170x577.png 1170w\" sizes=\"(max-width: 1601px) 100vw, 1601px\" \/>            <\/div>\r\n                <div class=\"wrap-content\">\r\n            <h5 class=\"pxl-item--title el-empty\">Industrial Park Brasov<\/h5>\r\n            <div class=\"pxl-item--description el-empty\">Over 4,000 people are employed in the companies within the park today.<\/div>\r\n                        <\/div>\r\n        <\/div>\r\n    <\/div>\t\t<\/div>\n\t\t\t\t<\/div>\n\t\t\t\t<div class=\"elementor-element elementor-element-8306875 position-left elementor-invisible elementor-widget elementor-widget-pxl_process\" data-id=\"8306875\" data-element_type=\"widget\" data-settings=\"{&quot;_animation&quot;:&quot;fadeInUp&quot;}\" data-widget_type=\"pxl_process.default\">\n\t\t\t\t<div class=\"elementor-widget-container\">\n\t\t\t<div class=\"pxl-process pxl-process1\" data-wow-delay=\"ms\">\r\n            <div class=\"pxl-item--step\">\r\n            2016        <\/div>\r\n        <div class=\"pxl-item--inner\">\r\n                    <div class=\"pxl-item--image\">\r\n                <img loading=\"lazy\" decoding=\"async\" width=\"1600\" height=\"1066\" src=\"https:\/\/icco.ro\/wp-content\/uploads\/2025\/02\/b6d5cde6-c51f-405e-8893-699b6993be98.webp\" class=\"attachment-full\" alt=\"\" srcset=\"https:\/\/icco.ro\/wp-content\/uploads\/2025\/02\/b6d5cde6-c51f-405e-8893-699b6993be98.webp 1600w, https:\/\/icco.ro\/wp-content\/uploads\/2025\/02\/b6d5cde6-c51f-405e-8893-699b6993be98-600x400.webp 600w, https:\/\/icco.ro\/wp-content\/uploads\/2025\/02\/b6d5cde6-c51f-405e-8893-699b6993be98-300x200.webp 300w, https:\/\/icco.ro\/wp-content\/uploads\/2025\/02\/b6d5cde6-c51f-405e-8893-699b6993be98-1024x682.webp 1024w, https:\/\/icco.ro\/wp-content\/uploads\/2025\/02\/b6d5cde6-c51f-405e-8893-699b6993be98-768x512.webp 768w, https:\/\/icco.ro\/wp-content\/uploads\/2025\/02\/b6d5cde6-c51f-405e-8893-699b6993be98-1536x1023.webp 1536w, https:\/\/icco.ro\/wp-content\/uploads\/2025\/02\/b6d5cde6-c51f-405e-8893-699b6993be98-18x12.webp 18w, https:\/\/icco.ro\/wp-content\/uploads\/2025\/02\/b6d5cde6-c51f-405e-8893-699b6993be98-1066x710.webp 1066w\" sizes=\"(max-width: 1600px) 100vw, 1600px\" \/>            <\/div>\r\n                <div class=\"wrap-content\">\r\n            <h5 class=\"pxl-item--title el-empty\">CLINICCO 7 years of medical activity<\/h5>\r\n            <div class=\"pxl-item--description el-empty\">More than 21,000 patients have been treated during Clinicco's seven years of private medical practice in Bra\u0219ov.<\/div>\r\n                        <\/div>\r\n        <\/div>\r\n    <\/div>\t\t<\/div>\n\t\t\t\t<\/div>\n\t\t\t\t<div class=\"elementor-element elementor-element-96c2be8 elementor-invisible elementor-widget elementor-widget-pxl_process\" data-id=\"96c2be8\" data-element_type=\"widget\" data-settings=\"{&quot;_animation&quot;:&quot;fadeInUp&quot;}\" data-widget_type=\"pxl_process.default\">\n\t\t\t\t<div class=\"elementor-widget-container\">\n\t\t\t<div class=\"pxl-process pxl-process1\" data-wow-delay=\"ms\">\r\n            <div class=\"pxl-item--step\">\r\n            2015        <\/div>\r\n        <div class=\"pxl-item--inner\">\r\n                    <div class=\"pxl-item--image\">\r\n                <img loading=\"lazy\" decoding=\"async\" width=\"1598\" height=\"784\" src=\"https:\/\/icco.ro\/wp-content\/uploads\/2026\/02\/stabilus.png\" class=\"attachment-full\" alt=\"\" srcset=\"https:\/\/icco.ro\/wp-content\/uploads\/2026\/02\/stabilus.png 1598w, https:\/\/icco.ro\/wp-content\/uploads\/2026\/02\/stabilus-300x147.png 300w, https:\/\/icco.ro\/wp-content\/uploads\/2026\/02\/stabilus-1024x502.png 1024w, https:\/\/icco.ro\/wp-content\/uploads\/2026\/02\/stabilus-768x377.png 768w, https:\/\/icco.ro\/wp-content\/uploads\/2026\/02\/stabilus-1536x754.png 1536w, https:\/\/icco.ro\/wp-content\/uploads\/2026\/02\/stabilus-18x9.png 18w, https:\/\/icco.ro\/wp-content\/uploads\/2026\/02\/stabilus-1170x574.png 1170w\" sizes=\"(max-width: 1598px) 100vw, 1598px\" \/>            <\/div>\r\n                <div class=\"wrap-content\">\r\n            <h5 class=\"pxl-item--title el-empty\">Stabilus<\/h5>\r\n            <div class=\"pxl-item--description el-empty\">A contract worth 1.3 million euros is signed for the expansion of Stabilus in Bra\u0219ov.<\/div>\r\n                        <\/div>\r\n        <\/div>\r\n    <\/div>\t\t<\/div>\n\t\t\t\t<\/div>\n\t\t\t\t<div class=\"elementor-element elementor-element-d5628e9 position-left elementor-invisible elementor-widget elementor-widget-pxl_process\" data-id=\"d5628e9\" data-element_type=\"widget\" data-settings=\"{&quot;_animation&quot;:&quot;fadeInUp&quot;}\" data-widget_type=\"pxl_process.default\">\n\t\t\t\t<div class=\"elementor-widget-container\">\n\t\t\t<div class=\"pxl-process pxl-process1\" data-wow-delay=\"ms\">\r\n            <div class=\"pxl-item--step\">\r\n            2015        <\/div>\r\n        <div class=\"pxl-item--inner\">\r\n                    <div class=\"pxl-item--image\">\r\n                <img loading=\"lazy\" decoding=\"async\" width=\"2245\" height=\"735\" src=\"https:\/\/icco.ro\/wp-content\/uploads\/2026\/02\/smart.png\" class=\"attachment-full\" alt=\"\" srcset=\"https:\/\/icco.ro\/wp-content\/uploads\/2026\/02\/smart.png 2245w, https:\/\/icco.ro\/wp-content\/uploads\/2026\/02\/smart-300x98.png 300w, https:\/\/icco.ro\/wp-content\/uploads\/2026\/02\/smart-1024x335.png 1024w, https:\/\/icco.ro\/wp-content\/uploads\/2026\/02\/smart-768x251.png 768w, https:\/\/icco.ro\/wp-content\/uploads\/2026\/02\/smart-1536x503.png 1536w, https:\/\/icco.ro\/wp-content\/uploads\/2026\/02\/smart-2048x671.png 2048w, https:\/\/icco.ro\/wp-content\/uploads\/2026\/02\/smart-18x6.png 18w, https:\/\/icco.ro\/wp-content\/uploads\/2026\/02\/smart-1170x383.png 1170w\" sizes=\"(max-width: 2245px) 100vw, 2245px\" \/>            <\/div>\r\n                <div class=\"wrap-content\">\r\n            <h5 class=\"pxl-item--title el-empty\">ICCO Smart Solutions<\/h5>\r\n            <div class=\"pxl-item--description el-empty\">Setting up the firm <a href=\"\/en\/smartsolutions\/\" target=\"_blank\">ICCO Smart Solutions<\/a> - specialized in integrated security solutions.<\/div>\r\n                        <\/div>\r\n        <\/div>\r\n    <\/div>\t\t<\/div>\n\t\t\t\t<\/div>\n\t\t\t\t<div class=\"elementor-element elementor-element-32725fc elementor-invisible elementor-widget elementor-widget-pxl_process\" data-id=\"32725fc\" data-element_type=\"widget\" data-settings=\"{&quot;_animation&quot;:&quot;fadeInUp&quot;}\" data-widget_type=\"pxl_process.default\">\n\t\t\t\t<div class=\"elementor-widget-container\">\n\t\t\t<div class=\"pxl-process pxl-process1\" data-wow-delay=\"ms\">\r\n            <div class=\"pxl-item--step\">\r\n            2014        <\/div>\r\n        <div class=\"pxl-item--inner\">\r\n                    <div class=\"pxl-item--image\">\r\n                <img loading=\"lazy\" decoding=\"async\" width=\"960\" height=\"370\" src=\"https:\/\/icco.ro\/wp-content\/uploads\/2025\/01\/2005-Autoliv.png\" class=\"attachment-full\" alt=\"\" srcset=\"https:\/\/icco.ro\/wp-content\/uploads\/2025\/01\/2005-Autoliv.png 960w, https:\/\/icco.ro\/wp-content\/uploads\/2025\/01\/2005-Autoliv-600x231.png 600w, https:\/\/icco.ro\/wp-content\/uploads\/2025\/01\/2005-Autoliv-300x116.png 300w, https:\/\/icco.ro\/wp-content\/uploads\/2025\/01\/2005-Autoliv-768x296.png 768w, https:\/\/icco.ro\/wp-content\/uploads\/2025\/01\/2005-Autoliv-18x7.png 18w\" sizes=\"(max-width: 960px) 100vw, 960px\" \/>            <\/div>\r\n                <div class=\"wrap-content\">\r\n            <h5 class=\"pxl-item--title el-empty\">Autoliv Hungary<\/h5>\r\n            <div class=\"pxl-item--description el-empty\">Work begins on a project worth over 9 million euros for the expansion of the production and storage unit for Autoliv Kft. in Hungary.<\/div>\r\n                        <\/div>\r\n        <\/div>\r\n    <\/div>\t\t<\/div>\n\t\t\t\t<\/div>\n\t\t\t\t<div class=\"elementor-element elementor-element-8abfb98 position-left elementor-invisible elementor-widget elementor-widget-pxl_process\" data-id=\"8abfb98\" data-element_type=\"widget\" data-settings=\"{&quot;_animation&quot;:&quot;fadeInUp&quot;}\" data-widget_type=\"pxl_process.default\">\n\t\t\t\t<div class=\"elementor-widget-container\">\n\t\t\t<div class=\"pxl-process pxl-process1\" data-wow-delay=\"ms\">\r\n            <div class=\"pxl-item--step\">\r\n            2014        <\/div>\r\n        <div class=\"pxl-item--inner\">\r\n                    <div class=\"pxl-item--image\">\r\n                <img loading=\"lazy\" decoding=\"async\" width=\"1920\" height=\"1280\" src=\"https:\/\/icco.ro\/wp-content\/uploads\/2025\/02\/2012-Clinicco-Recuperare-Medicala-si-Sportiva.webp\" class=\"attachment-full\" alt=\"\" srcset=\"https:\/\/icco.ro\/wp-content\/uploads\/2025\/02\/2012-Clinicco-Recuperare-Medicala-si-Sportiva.webp 1920w, https:\/\/icco.ro\/wp-content\/uploads\/2025\/02\/2012-Clinicco-Recuperare-Medicala-si-Sportiva-600x400.webp 600w, https:\/\/icco.ro\/wp-content\/uploads\/2025\/02\/2012-Clinicco-Recuperare-Medicala-si-Sportiva-300x200.webp 300w, https:\/\/icco.ro\/wp-content\/uploads\/2025\/02\/2012-Clinicco-Recuperare-Medicala-si-Sportiva-1024x683.webp 1024w, https:\/\/icco.ro\/wp-content\/uploads\/2025\/02\/2012-Clinicco-Recuperare-Medicala-si-Sportiva-768x512.webp 768w, https:\/\/icco.ro\/wp-content\/uploads\/2025\/02\/2012-Clinicco-Recuperare-Medicala-si-Sportiva-1536x1024.webp 1536w, https:\/\/icco.ro\/wp-content\/uploads\/2025\/02\/2012-Clinicco-Recuperare-Medicala-si-Sportiva-18x12.webp 18w, https:\/\/icco.ro\/wp-content\/uploads\/2025\/02\/2012-Clinicco-Recuperare-Medicala-si-Sportiva-1065x710.webp 1065w\" sizes=\"(max-width: 1920px) 100vw, 1920px\" \/>            <\/div>\r\n                <div class=\"wrap-content\">\r\n            <h5 class=\"pxl-item--title el-empty\">CLINICCO 5 years since its foundation<\/h5>\r\n            <div class=\"pxl-item--description el-empty\">CLINICCO, the cardiology and orthopedics clinic, is celebrating its 5th anniversary since opening in 2009.<\/div>\r\n                        <\/div>\r\n        <\/div>\r\n    <\/div>\t\t<\/div>\n\t\t\t\t<\/div>\n\t\t\t\t<div class=\"elementor-element elementor-element-1dc69f4 elementor-invisible elementor-widget elementor-widget-pxl_process\" data-id=\"1dc69f4\" data-element_type=\"widget\" data-settings=\"{&quot;_animation&quot;:&quot;fadeInUp&quot;}\" data-widget_type=\"pxl_process.default\">\n\t\t\t\t<div class=\"elementor-widget-container\">\n\t\t\t<div class=\"pxl-process pxl-process1\" data-wow-delay=\"ms\">\r\n            <div class=\"pxl-item--step\">\r\n            2013        <\/div>\r\n        <div class=\"pxl-item--inner\">\r\n                    <div class=\"pxl-item--image\">\r\n                <img loading=\"lazy\" decoding=\"async\" width=\"1599\" height=\"784\" src=\"https:\/\/icco.ro\/wp-content\/uploads\/2026\/02\/IPB-2010.png\" class=\"attachment-full\" alt=\"\" srcset=\"https:\/\/icco.ro\/wp-content\/uploads\/2026\/02\/IPB-2010.png 1599w, https:\/\/icco.ro\/wp-content\/uploads\/2026\/02\/IPB-2010-300x147.png 300w, https:\/\/icco.ro\/wp-content\/uploads\/2026\/02\/IPB-2010-1024x502.png 1024w, https:\/\/icco.ro\/wp-content\/uploads\/2026\/02\/IPB-2010-768x377.png 768w, https:\/\/icco.ro\/wp-content\/uploads\/2026\/02\/IPB-2010-1536x753.png 1536w, https:\/\/icco.ro\/wp-content\/uploads\/2026\/02\/IPB-2010-18x9.png 18w, https:\/\/icco.ro\/wp-content\/uploads\/2026\/02\/IPB-2010-1170x574.png 1170w\" sizes=\"(max-width: 1599px) 100vw, 1599px\" \/>            <\/div>\r\n                <div class=\"wrap-content\">\r\n            <h5 class=\"pxl-item--title el-empty\">Industrial Park Brasov<\/h5>\r\n            <div class=\"pxl-item--description el-empty\">Number of new jobs created on the platform <a href=\"https:\/\/parc-industrial.ro\" target=\"_blank\">Industrial Park Brasov<\/a> exceeded 2.500.<\/div>\r\n                        <\/div>\r\n        <\/div>\r\n    <\/div>\t\t<\/div>\n\t\t\t\t<\/div>\n\t\t\t\t<div class=\"elementor-element elementor-element-a6ff5ac position-left elementor-invisible elementor-widget elementor-widget-pxl_process\" data-id=\"a6ff5ac\" data-element_type=\"widget\" data-settings=\"{&quot;_animation&quot;:&quot;fadeInUp&quot;}\" data-widget_type=\"pxl_process.default\">\n\t\t\t\t<div class=\"elementor-widget-container\">\n\t\t\t<div class=\"pxl-process pxl-process1\" data-wow-delay=\"ms\">\r\n            <div class=\"pxl-item--step\">\r\n            2013        <\/div>\r\n        <div class=\"pxl-item--inner\">\r\n                    <div class=\"pxl-item--image\">\r\n                <img loading=\"lazy\" decoding=\"async\" width=\"2560\" height=\"1707\" src=\"https:\/\/icco.ro\/wp-content\/uploads\/2025\/02\/17_Clinicco-13-12-24-36.webp\" class=\"attachment-full\" alt=\"\" srcset=\"https:\/\/icco.ro\/wp-content\/uploads\/2025\/02\/17_Clinicco-13-12-24-36.webp 2560w, https:\/\/icco.ro\/wp-content\/uploads\/2025\/02\/17_Clinicco-13-12-24-36-300x200.webp 300w, https:\/\/icco.ro\/wp-content\/uploads\/2025\/02\/17_Clinicco-13-12-24-36-1024x683.webp 1024w, https:\/\/icco.ro\/wp-content\/uploads\/2025\/02\/17_Clinicco-13-12-24-36-768x512.webp 768w, https:\/\/icco.ro\/wp-content\/uploads\/2025\/02\/17_Clinicco-13-12-24-36-1536x1024.webp 1536w, https:\/\/icco.ro\/wp-content\/uploads\/2025\/02\/17_Clinicco-13-12-24-36-2048x1366.webp 2048w, https:\/\/icco.ro\/wp-content\/uploads\/2025\/02\/17_Clinicco-13-12-24-36-18x12.webp 18w, https:\/\/icco.ro\/wp-content\/uploads\/2025\/02\/17_Clinicco-13-12-24-36-1065x710.webp 1065w\" sizes=\"(max-width: 2560px) 100vw, 2560px\" \/>            <\/div>\r\n                <div class=\"wrap-content\">\r\n            <h5 class=\"pxl-item--title el-empty\">CLINICCO<\/h5>\r\n            <div class=\"pxl-item--description el-empty\">More than 1,800 lives saved in the Interventional Cardiology Unit of the <a href=\"https:\/\/clinicco.ro\" target=\"_blank\">CLINICCO<\/a> in its 4 years of activity.<\/div>\r\n                        <\/div>\r\n        <\/div>\r\n    <\/div>\t\t<\/div>\n\t\t\t\t<\/div>\n\t\t\t\t<div class=\"elementor-element elementor-element-e4f2d2b elementor-invisible elementor-widget elementor-widget-pxl_process\" data-id=\"e4f2d2b\" data-element_type=\"widget\" data-settings=\"{&quot;_animation&quot;:&quot;fadeInUp&quot;}\" data-widget_type=\"pxl_process.default\">\n\t\t\t\t<div class=\"elementor-widget-container\">\n\t\t\t<div class=\"pxl-process pxl-process1\" data-wow-delay=\"ms\">\r\n            <div class=\"pxl-item--step\">\r\n            2013        <\/div>\r\n        <div class=\"pxl-item--inner\">\r\n                    <div class=\"pxl-item--image\">\r\n                <img loading=\"lazy\" decoding=\"async\" width=\"1920\" height=\"992\" src=\"https:\/\/icco.ro\/wp-content\/uploads\/2025\/02\/2013-ICCO-ENERG-e1739013248658.webp\" class=\"attachment-full\" alt=\"\" srcset=\"https:\/\/icco.ro\/wp-content\/uploads\/2025\/02\/2013-ICCO-ENERG-e1739013248658.webp 1920w, https:\/\/icco.ro\/wp-content\/uploads\/2025\/02\/2013-ICCO-ENERG-e1739013248658-600x310.webp 600w, https:\/\/icco.ro\/wp-content\/uploads\/2025\/02\/2013-ICCO-ENERG-e1739013248658-300x155.webp 300w, https:\/\/icco.ro\/wp-content\/uploads\/2025\/02\/2013-ICCO-ENERG-e1739013248658-1024x529.webp 1024w, https:\/\/icco.ro\/wp-content\/uploads\/2025\/02\/2013-ICCO-ENERG-e1739013248658-768x397.webp 768w, https:\/\/icco.ro\/wp-content\/uploads\/2025\/02\/2013-ICCO-ENERG-e1739013248658-1536x794.webp 1536w, https:\/\/icco.ro\/wp-content\/uploads\/2025\/02\/2013-ICCO-ENERG-e1739013248658-18x9.webp 18w, https:\/\/icco.ro\/wp-content\/uploads\/2025\/02\/2013-ICCO-ENERG-e1739013248658-1170x605.webp 1170w\" sizes=\"(max-width: 1920px) 100vw, 1920px\" \/>            <\/div>\r\n                <div class=\"wrap-content\">\r\n            <h5 class=\"pxl-item--title el-empty\">ICCO Energ<\/h5>\r\n            <div class=\"pxl-item--description el-empty translation-block\"><a href=\"http:\/\/www.icco.ro\/en\/energ\" target=\"_self\">ICCO Energ<\/a> supplies electricity to over 300 industrial consumers.<\/div>\r\n                        <\/div>\r\n        <\/div>\r\n    <\/div>\t\t<\/div>\n\t\t\t\t<\/div>\n\t\t\t\t<div class=\"elementor-element elementor-element-3686145 position-left elementor-invisible elementor-widget elementor-widget-pxl_process\" data-id=\"3686145\" data-element_type=\"widget\" data-settings=\"{&quot;_animation&quot;:&quot;fadeInUp&quot;}\" data-widget_type=\"pxl_process.default\">\n\t\t\t\t<div class=\"elementor-widget-container\">\n\t\t\t<div class=\"pxl-process pxl-process1\" data-wow-delay=\"ms\">\r\n            <div class=\"pxl-item--step\">\r\n            2013        <\/div>\r\n        <div class=\"pxl-item--inner\">\r\n                    <div class=\"pxl-item--image\">\r\n                <img loading=\"lazy\" decoding=\"async\" width=\"1920\" height=\"1280\" src=\"https:\/\/icco.ro\/wp-content\/uploads\/2025\/02\/2013-ICCO-EMT.webp\" class=\"attachment-full\" alt=\"\" srcset=\"https:\/\/icco.ro\/wp-content\/uploads\/2025\/02\/2013-ICCO-EMT.webp 1920w, https:\/\/icco.ro\/wp-content\/uploads\/2025\/02\/2013-ICCO-EMT-600x400.webp 600w, https:\/\/icco.ro\/wp-content\/uploads\/2025\/02\/2013-ICCO-EMT-300x200.webp 300w, https:\/\/icco.ro\/wp-content\/uploads\/2025\/02\/2013-ICCO-EMT-1024x683.webp 1024w, https:\/\/icco.ro\/wp-content\/uploads\/2025\/02\/2013-ICCO-EMT-768x512.webp 768w, https:\/\/icco.ro\/wp-content\/uploads\/2025\/02\/2013-ICCO-EMT-1536x1024.webp 1536w, https:\/\/icco.ro\/wp-content\/uploads\/2025\/02\/2013-ICCO-EMT-18x12.webp 18w, https:\/\/icco.ro\/wp-content\/uploads\/2025\/02\/2013-ICCO-EMT-1065x710.webp 1065w\" sizes=\"(max-width: 1920px) 100vw, 1920px\" \/>            <\/div>\r\n                <div class=\"wrap-content\">\r\n            <h5 class=\"pxl-item--title el-empty\">ICCO EMT<\/h5>\r\n            <div class=\"pxl-item--description el-empty translation-block\">Non-repayable funding is accessed for the implementation of two projects aimed at expanding production and sustainable development at the <a href=\"http:\/\/www.icco.ro\/en\/emt\" target=\"_self\">ICCO EMT<\/a> facility in Timi\u0219oara.<\/div>\r\n                        <\/div>\r\n        <\/div>\r\n    <\/div>\t\t<\/div>\n\t\t\t\t<\/div>\n\t\t\t\t<div class=\"elementor-element elementor-element-a8344fa elementor-invisible elementor-widget elementor-widget-pxl_process\" data-id=\"a8344fa\" data-element_type=\"widget\" data-settings=\"{&quot;_animation&quot;:&quot;fadeInUp&quot;}\" data-widget_type=\"pxl_process.default\">\n\t\t\t\t<div class=\"elementor-widget-container\">\n\t\t\t<div class=\"pxl-process pxl-process1\" data-wow-delay=\"ms\">\r\n            <div class=\"pxl-item--step\">\r\n            2013        <\/div>\r\n        <div class=\"pxl-item--inner\">\r\n                    <div class=\"pxl-item--image\">\r\n                <img loading=\"lazy\" decoding=\"async\" width=\"960\" height=\"370\" src=\"https:\/\/icco.ro\/wp-content\/uploads\/2025\/01\/2013-Kronospan-Belarus.png\" class=\"attachment-full\" alt=\"\" srcset=\"https:\/\/icco.ro\/wp-content\/uploads\/2025\/01\/2013-Kronospan-Belarus.png 960w, https:\/\/icco.ro\/wp-content\/uploads\/2025\/01\/2013-Kronospan-Belarus-600x231.png 600w, https:\/\/icco.ro\/wp-content\/uploads\/2025\/01\/2013-Kronospan-Belarus-300x116.png 300w, https:\/\/icco.ro\/wp-content\/uploads\/2025\/01\/2013-Kronospan-Belarus-768x296.png 768w, https:\/\/icco.ro\/wp-content\/uploads\/2025\/01\/2013-Kronospan-Belarus-18x7.png 18w\" sizes=\"(max-width: 960px) 100vw, 960px\" \/>            <\/div>\r\n                <div class=\"wrap-content\">\r\n            <h5 class=\"pxl-item--title el-empty\">Kronospan Belarus<\/h5>\r\n            <div class=\"pxl-item--description el-empty\">A 4 million euro contract is signed for executing electrical installations for Kronospan Belarus.<\/div>\r\n                        <\/div>\r\n        <\/div>\r\n    <\/div>\t\t<\/div>\n\t\t\t\t<\/div>\n\t\t\t\t<div class=\"elementor-element elementor-element-b6158a6 position-left elementor-invisible elementor-widget elementor-widget-pxl_process\" data-id=\"b6158a6\" data-element_type=\"widget\" data-settings=\"{&quot;_animation&quot;:&quot;fadeInUp&quot;}\" data-widget_type=\"pxl_process.default\">\n\t\t\t\t<div class=\"elementor-widget-container\">\n\t\t\t<div class=\"pxl-process pxl-process1\" data-wow-delay=\"ms\">\r\n            <div class=\"pxl-item--step\">\r\n            2013        <\/div>\r\n        <div class=\"pxl-item--inner\">\r\n                    <div class=\"pxl-item--image\">\r\n                <img loading=\"lazy\" decoding=\"async\" width=\"1600\" height=\"784\" src=\"https:\/\/icco.ro\/wp-content\/uploads\/2026\/02\/Hoghiz-2013.png\" class=\"attachment-full\" alt=\"\" srcset=\"https:\/\/icco.ro\/wp-content\/uploads\/2026\/02\/Hoghiz-2013.png 1600w, https:\/\/icco.ro\/wp-content\/uploads\/2026\/02\/Hoghiz-2013-300x147.png 300w, https:\/\/icco.ro\/wp-content\/uploads\/2026\/02\/Hoghiz-2013-1024x502.png 1024w, https:\/\/icco.ro\/wp-content\/uploads\/2026\/02\/Hoghiz-2013-768x376.png 768w, https:\/\/icco.ro\/wp-content\/uploads\/2026\/02\/Hoghiz-2013-1536x753.png 1536w, https:\/\/icco.ro\/wp-content\/uploads\/2026\/02\/Hoghiz-2013-18x9.png 18w, https:\/\/icco.ro\/wp-content\/uploads\/2026\/02\/Hoghiz-2013-1170x573.png 1170w\" sizes=\"(max-width: 1600px) 100vw, 1600px\" \/>            <\/div>\r\n                <div class=\"wrap-content\">\r\n            <h5 class=\"pxl-item--title el-empty\">Photovoltaic Park<\/h5>\r\n            <div class=\"pxl-item--description el-empty\">A contract worth 1.3 million euros is signed for the execution of a photovoltaic park connection in Hoghiz.<\/div>\r\n                        <\/div>\r\n        <\/div>\r\n    <\/div>\t\t<\/div>\n\t\t\t\t<\/div>\n\t\t\t\t<div class=\"elementor-element elementor-element-0f4bed5 elementor-invisible elementor-widget elementor-widget-pxl_process\" data-id=\"0f4bed5\" data-element_type=\"widget\" data-settings=\"{&quot;_animation&quot;:&quot;fadeInUp&quot;}\" data-widget_type=\"pxl_process.default\">\n\t\t\t\t<div class=\"elementor-widget-container\">\n\t\t\t<div class=\"pxl-process pxl-process1\" data-wow-delay=\"ms\">\r\n            <div class=\"pxl-item--step\">\r\n            2012        <\/div>\r\n        <div class=\"pxl-item--inner\">\r\n                    <div class=\"pxl-item--image\">\r\n                <img loading=\"lazy\" decoding=\"async\" width=\"1920\" height=\"1280\" src=\"https:\/\/icco.ro\/wp-content\/uploads\/2025\/02\/2016-Clinicco.webp\" class=\"attachment-full\" alt=\"\" srcset=\"https:\/\/icco.ro\/wp-content\/uploads\/2025\/02\/2016-Clinicco.webp 1920w, https:\/\/icco.ro\/wp-content\/uploads\/2025\/02\/2016-Clinicco-600x400.webp 600w, https:\/\/icco.ro\/wp-content\/uploads\/2025\/02\/2016-Clinicco-300x200.webp 300w, https:\/\/icco.ro\/wp-content\/uploads\/2025\/02\/2016-Clinicco-1024x683.webp 1024w, https:\/\/icco.ro\/wp-content\/uploads\/2025\/02\/2016-Clinicco-768x512.webp 768w, https:\/\/icco.ro\/wp-content\/uploads\/2025\/02\/2016-Clinicco-1536x1024.webp 1536w, https:\/\/icco.ro\/wp-content\/uploads\/2025\/02\/2016-Clinicco-18x12.webp 18w, https:\/\/icco.ro\/wp-content\/uploads\/2025\/02\/2016-Clinicco-1065x710.webp 1065w\" sizes=\"(max-width: 1920px) 100vw, 1920px\" \/>            <\/div>\r\n                <div class=\"wrap-content\">\r\n            <h5 class=\"pxl-item--title el-empty\">CLINICCO<\/h5>\r\n            <div class=\"pxl-item--description el-empty\">The Medical and Sports Recovery Department is set up within CLINICCO.<\/div>\r\n                        <\/div>\r\n        <\/div>\r\n    <\/div>\t\t<\/div>\n\t\t\t\t<\/div>\n\t\t\t\t<div class=\"elementor-element elementor-element-672ac33 position-left elementor-invisible elementor-widget elementor-widget-pxl_process\" data-id=\"672ac33\" data-element_type=\"widget\" data-settings=\"{&quot;_animation&quot;:&quot;fadeInUp&quot;}\" data-widget_type=\"pxl_process.default\">\n\t\t\t\t<div class=\"elementor-widget-container\">\n\t\t\t<div class=\"pxl-process pxl-process1\" data-wow-delay=\"ms\">\r\n            <div class=\"pxl-item--step\">\r\n            2012        <\/div>\r\n        <div class=\"pxl-item--inner\">\r\n                    <div class=\"pxl-item--image\">\r\n                <img loading=\"lazy\" decoding=\"async\" width=\"2560\" height=\"810\" src=\"https:\/\/icco.ro\/wp-content\/uploads\/2026\/02\/clinicco-scaled.jpg\" class=\"attachment-full\" alt=\"\" srcset=\"https:\/\/icco.ro\/wp-content\/uploads\/2026\/02\/clinicco-scaled.jpg 2560w, https:\/\/icco.ro\/wp-content\/uploads\/2026\/02\/clinicco-300x95.jpg 300w, https:\/\/icco.ro\/wp-content\/uploads\/2026\/02\/clinicco-1024x324.jpg 1024w, https:\/\/icco.ro\/wp-content\/uploads\/2026\/02\/clinicco-768x243.jpg 768w, https:\/\/icco.ro\/wp-content\/uploads\/2026\/02\/clinicco-1536x486.jpg 1536w, https:\/\/icco.ro\/wp-content\/uploads\/2026\/02\/clinicco-2048x648.jpg 2048w, https:\/\/icco.ro\/wp-content\/uploads\/2026\/02\/clinicco-18x6.jpg 18w, https:\/\/icco.ro\/wp-content\/uploads\/2026\/02\/clinicco-1170x370.jpg 1170w\" sizes=\"(max-width: 2560px) 100vw, 2560px\" \/>            <\/div>\r\n                <div class=\"wrap-content\">\r\n            <h5 class=\"pxl-item--title el-empty\">Neurosurgery<\/h5>\r\n            <div class=\"pxl-item--description el-empty\">The Neurosurgery Section is launched at Clinicco. <a href=\"https:\/\/clinicco.ro\" target=\"_blank\">CLINICCO<\/a>.<\/div>\r\n                        <\/div>\r\n        <\/div>\r\n    <\/div>\t\t<\/div>\n\t\t\t\t<\/div>\n\t\t\t\t<div class=\"elementor-element elementor-element-5c09171 elementor-invisible elementor-widget elementor-widget-pxl_process\" data-id=\"5c09171\" data-element_type=\"widget\" data-settings=\"{&quot;_animation&quot;:&quot;fadeInUp&quot;}\" data-widget_type=\"pxl_process.default\">\n\t\t\t\t<div class=\"elementor-widget-container\">\n\t\t\t<div class=\"pxl-process pxl-process1\" data-wow-delay=\"ms\">\r\n            <div class=\"pxl-item--step\">\r\n            2012        <\/div>\r\n        <div class=\"pxl-item--inner\">\r\n                    <div class=\"pxl-item--image\">\r\n                <img loading=\"lazy\" decoding=\"async\" width=\"2245\" height=\"735\" src=\"https:\/\/icco.ro\/wp-content\/uploads\/2026\/02\/structures-smaller.png\" class=\"attachment-full\" alt=\"\" srcset=\"https:\/\/icco.ro\/wp-content\/uploads\/2026\/02\/structures-smaller.png 2245w, https:\/\/icco.ro\/wp-content\/uploads\/2026\/02\/structures-smaller-300x98.png 300w, https:\/\/icco.ro\/wp-content\/uploads\/2026\/02\/structures-smaller-1024x335.png 1024w, https:\/\/icco.ro\/wp-content\/uploads\/2026\/02\/structures-smaller-768x251.png 768w, https:\/\/icco.ro\/wp-content\/uploads\/2026\/02\/structures-smaller-1536x503.png 1536w, https:\/\/icco.ro\/wp-content\/uploads\/2026\/02\/structures-smaller-2048x671.png 2048w, https:\/\/icco.ro\/wp-content\/uploads\/2026\/02\/structures-smaller-18x6.png 18w, https:\/\/icco.ro\/wp-content\/uploads\/2026\/02\/structures-smaller-1170x383.png 1170w\" sizes=\"(max-width: 2245px) 100vw, 2245px\" \/>            <\/div>\r\n                <div class=\"wrap-content\">\r\n            <h5 class=\"pxl-item--title el-empty\">ICCO Structures<\/h5>\r\n            <div class=\"pxl-item--description el-empty translation-block\"><a href=\"http:\/\/www.icco.ro\/en\/structures\" target=\"_blank\">ICCO Structures<\/a> is founded, specializing in the production of metal structures for buildings, industrial equipment, and PVC and aluminum joinery.<\/div>\r\n                        <\/div>\r\n        <\/div>\r\n    <\/div>\t\t<\/div>\n\t\t\t\t<\/div>\n\t\t\t\t<div class=\"elementor-element elementor-element-8789c09 position-left elementor-invisible elementor-widget elementor-widget-pxl_process\" data-id=\"8789c09\" data-element_type=\"widget\" data-settings=\"{&quot;_animation&quot;:&quot;fadeInUp&quot;}\" data-widget_type=\"pxl_process.default\">\n\t\t\t\t<div class=\"elementor-widget-container\">\n\t\t\t<div class=\"pxl-process pxl-process1\" data-wow-delay=\"ms\">\r\n            <div class=\"pxl-item--step\">\r\n            2012        <\/div>\r\n        <div class=\"pxl-item--inner\">\r\n                    <div class=\"pxl-item--image\">\r\n                <img loading=\"lazy\" decoding=\"async\" width=\"2245\" height=\"735\" src=\"https:\/\/icco.ro\/wp-content\/uploads\/2026\/02\/fm.png\" class=\"attachment-full\" alt=\"\" srcset=\"https:\/\/icco.ro\/wp-content\/uploads\/2026\/02\/fm.png 2245w, https:\/\/icco.ro\/wp-content\/uploads\/2026\/02\/fm-300x98.png 300w, https:\/\/icco.ro\/wp-content\/uploads\/2026\/02\/fm-1024x335.png 1024w, https:\/\/icco.ro\/wp-content\/uploads\/2026\/02\/fm-768x251.png 768w, https:\/\/icco.ro\/wp-content\/uploads\/2026\/02\/fm-1536x503.png 1536w, https:\/\/icco.ro\/wp-content\/uploads\/2026\/02\/fm-2048x671.png 2048w, https:\/\/icco.ro\/wp-content\/uploads\/2026\/02\/fm-18x6.png 18w, https:\/\/icco.ro\/wp-content\/uploads\/2026\/02\/fm-1170x383.png 1170w\" sizes=\"(max-width: 2245px) 100vw, 2245px\" \/>            <\/div>\r\n                <div class=\"wrap-content\">\r\n            <h5 class=\"pxl-item--title el-empty\">ICCO Facility Management<\/h5>\r\n            <div class=\"pxl-item--description el-empty translation-block\"><a href=\"http:\/\/www.icco.ro\/en\/facilitymanagement\" target=\"_blank\">ICCO Facility Management<\/a> is founded, providing facility management services and construction works.<\/div>\r\n                        <\/div>\r\n        <\/div>\r\n    <\/div>\t\t<\/div>\n\t\t\t\t<\/div>\n\t\t\t\t<div class=\"elementor-element elementor-element-40258ef elementor-invisible elementor-widget elementor-widget-pxl_process\" data-id=\"40258ef\" data-element_type=\"widget\" data-settings=\"{&quot;_animation&quot;:&quot;fadeInUp&quot;}\" data-widget_type=\"pxl_process.default\">\n\t\t\t\t<div class=\"elementor-widget-container\">\n\t\t\t<div class=\"pxl-process pxl-process1\" data-wow-delay=\"ms\">\r\n            <div class=\"pxl-item--step\">\r\n            2012        <\/div>\r\n        <div class=\"pxl-item--inner\">\r\n                    <div class=\"pxl-item--image\">\r\n                <img loading=\"lazy\" decoding=\"async\" width=\"960\" height=\"370\" src=\"https:\/\/icco.ro\/wp-content\/uploads\/2025\/01\/2012-Continental-Powertrain.png\" class=\"attachment-full\" alt=\"\" srcset=\"https:\/\/icco.ro\/wp-content\/uploads\/2025\/01\/2012-Continental-Powertrain.png 960w, https:\/\/icco.ro\/wp-content\/uploads\/2025\/01\/2012-Continental-Powertrain-600x231.png 600w, https:\/\/icco.ro\/wp-content\/uploads\/2025\/01\/2012-Continental-Powertrain-300x116.png 300w, https:\/\/icco.ro\/wp-content\/uploads\/2025\/01\/2012-Continental-Powertrain-768x296.png 768w, https:\/\/icco.ro\/wp-content\/uploads\/2025\/01\/2012-Continental-Powertrain-18x7.png 18w\" sizes=\"(max-width: 960px) 100vw, 960px\" \/>            <\/div>\r\n                <div class=\"wrap-content\">\r\n            <h5 class=\"pxl-item--title el-empty\">Continental Powertrain<\/h5>\r\n            <div class=\"pxl-item--description el-empty\">14 million Euro general contractor contract signed for the construction of Continental Powertrain in the <a href=\"https:\/\/parc-industrial.ro\" target=\"_blank\">Industrial Park Brasov<\/a>.<\/div>\r\n                        <\/div>\r\n        <\/div>\r\n    <\/div>\t\t<\/div>\n\t\t\t\t<\/div>\n\t\t\t\t<div class=\"elementor-element elementor-element-d89b53b position-left elementor-invisible elementor-widget elementor-widget-pxl_process\" data-id=\"d89b53b\" data-element_type=\"widget\" data-settings=\"{&quot;_animation&quot;:&quot;fadeInUp&quot;}\" data-widget_type=\"pxl_process.default\">\n\t\t\t\t<div class=\"elementor-widget-container\">\n\t\t\t<div class=\"pxl-process pxl-process1\" data-wow-delay=\"ms\">\r\n            <div class=\"pxl-item--step\">\r\n            2011        <\/div>\r\n        <div class=\"pxl-item--inner\">\r\n                    <div class=\"pxl-item--image\">\r\n                <img loading=\"lazy\" decoding=\"async\" width=\"2245\" height=\"735\" src=\"https:\/\/icco.ro\/wp-content\/uploads\/2026\/02\/IRE-smaller.png\" class=\"attachment-full\" alt=\"\" srcset=\"https:\/\/icco.ro\/wp-content\/uploads\/2026\/02\/IRE-smaller.png 2245w, https:\/\/icco.ro\/wp-content\/uploads\/2026\/02\/IRE-smaller-300x98.png 300w, https:\/\/icco.ro\/wp-content\/uploads\/2026\/02\/IRE-smaller-1024x335.png 1024w, https:\/\/icco.ro\/wp-content\/uploads\/2026\/02\/IRE-smaller-768x251.png 768w, https:\/\/icco.ro\/wp-content\/uploads\/2026\/02\/IRE-smaller-1536x503.png 1536w, https:\/\/icco.ro\/wp-content\/uploads\/2026\/02\/IRE-smaller-2048x671.png 2048w, https:\/\/icco.ro\/wp-content\/uploads\/2026\/02\/IRE-smaller-18x6.png 18w, https:\/\/icco.ro\/wp-content\/uploads\/2026\/02\/IRE-smaller-1170x383.png 1170w\" sizes=\"(max-width: 2245px) 100vw, 2245px\" \/>            <\/div>\r\n                <div class=\"wrap-content\">\r\n            <h5 class=\"pxl-item--title el-empty\">ICCO Real Estate<\/h5>\r\n            <div class=\"pxl-item--description el-empty translation-block\"><a href=\"http:\/\/www.icco.ro\/en\/realestate\" target=\"_blank\">ICCO Real Estate<\/a> is founded, specializing in industrial space leasing.<\/div>\r\n                        <\/div>\r\n        <\/div>\r\n    <\/div>\t\t<\/div>\n\t\t\t\t<\/div>\n\t\t\t\t<div class=\"elementor-element elementor-element-de41b90 elementor-invisible elementor-widget elementor-widget-pxl_process\" data-id=\"de41b90\" data-element_type=\"widget\" data-settings=\"{&quot;_animation&quot;:&quot;fadeInUp&quot;}\" data-widget_type=\"pxl_process.default\">\n\t\t\t\t<div class=\"elementor-widget-container\">\n\t\t\t<div class=\"pxl-process pxl-process1\" data-wow-delay=\"ms\">\r\n            <div class=\"pxl-item--step\">\r\n            2010        <\/div>\r\n        <div class=\"pxl-item--inner\">\r\n                    <div class=\"pxl-item--image\">\r\n                <img loading=\"lazy\" decoding=\"async\" width=\"1920\" height=\"1280\" src=\"https:\/\/icco.ro\/wp-content\/uploads\/2025\/02\/2010-Clinicco-Chirurgie-Cardiovasculara.webp\" class=\"attachment-full\" alt=\"\" srcset=\"https:\/\/icco.ro\/wp-content\/uploads\/2025\/02\/2010-Clinicco-Chirurgie-Cardiovasculara.webp 1920w, https:\/\/icco.ro\/wp-content\/uploads\/2025\/02\/2010-Clinicco-Chirurgie-Cardiovasculara-600x400.webp 600w, https:\/\/icco.ro\/wp-content\/uploads\/2025\/02\/2010-Clinicco-Chirurgie-Cardiovasculara-300x200.webp 300w, https:\/\/icco.ro\/wp-content\/uploads\/2025\/02\/2010-Clinicco-Chirurgie-Cardiovasculara-1024x683.webp 1024w, https:\/\/icco.ro\/wp-content\/uploads\/2025\/02\/2010-Clinicco-Chirurgie-Cardiovasculara-768x512.webp 768w, https:\/\/icco.ro\/wp-content\/uploads\/2025\/02\/2010-Clinicco-Chirurgie-Cardiovasculara-1536x1024.webp 1536w, https:\/\/icco.ro\/wp-content\/uploads\/2025\/02\/2010-Clinicco-Chirurgie-Cardiovasculara-18x12.webp 18w, https:\/\/icco.ro\/wp-content\/uploads\/2025\/02\/2010-Clinicco-Chirurgie-Cardiovasculara-1065x710.webp 1065w\" sizes=\"(max-width: 1920px) 100vw, 1920px\" \/>            <\/div>\r\n                <div class=\"wrap-content\">\r\n            <h5 class=\"pxl-item--title el-empty\">CLINICCO<\/h5>\r\n            <div class=\"pxl-item--description el-empty\">Cardiovascular Surgery Section of the <a href=\"https:\/\/clinicco.ro\" target=\"_blank\">CLINICCO<\/a>.<\/div>\r\n                        <\/div>\r\n        <\/div>\r\n    <\/div>\t\t<\/div>\n\t\t\t\t<\/div>\n\t\t\t\t<div class=\"elementor-element elementor-element-0beec51 position-left elementor-invisible elementor-widget elementor-widget-pxl_process\" data-id=\"0beec51\" data-element_type=\"widget\" data-settings=\"{&quot;_animation&quot;:&quot;fadeInUp&quot;}\" data-widget_type=\"pxl_process.default\">\n\t\t\t\t<div class=\"elementor-widget-container\">\n\t\t\t<div class=\"pxl-process pxl-process1\" data-wow-delay=\"ms\">\r\n            <div class=\"pxl-item--step\">\r\n            2010        <\/div>\r\n        <div class=\"pxl-item--inner\">\r\n                    <div class=\"pxl-item--image\">\r\n                <img loading=\"lazy\" decoding=\"async\" width=\"1599\" height=\"784\" src=\"https:\/\/icco.ro\/wp-content\/uploads\/2026\/02\/IPB-2010.png\" class=\"attachment-full\" alt=\"\" srcset=\"https:\/\/icco.ro\/wp-content\/uploads\/2026\/02\/IPB-2010.png 1599w, https:\/\/icco.ro\/wp-content\/uploads\/2026\/02\/IPB-2010-300x147.png 300w, https:\/\/icco.ro\/wp-content\/uploads\/2026\/02\/IPB-2010-1024x502.png 1024w, https:\/\/icco.ro\/wp-content\/uploads\/2026\/02\/IPB-2010-768x377.png 768w, https:\/\/icco.ro\/wp-content\/uploads\/2026\/02\/IPB-2010-1536x753.png 1536w, https:\/\/icco.ro\/wp-content\/uploads\/2026\/02\/IPB-2010-18x9.png 18w, https:\/\/icco.ro\/wp-content\/uploads\/2026\/02\/IPB-2010-1170x574.png 1170w\" sizes=\"(max-width: 1599px) 100vw, 1599px\" \/>            <\/div>\r\n                <div class=\"wrap-content\">\r\n            <h5 class=\"pxl-item--title el-empty\">Industrial Park Brasov<\/h5>\r\n            <div class=\"pxl-item--description el-empty\">More than 1,000 new jobs have been created on the platform <a href=\"https:\/\/parc-industrial.ro\" target=\"_blank\">Industrial Park Brasov<\/a>.<\/div>\r\n                        <\/div>\r\n        <\/div>\r\n    <\/div>\t\t<\/div>\n\t\t\t\t<\/div>\n\t\t\t\t<div class=\"elementor-element elementor-element-c8a6c7c elementor-invisible elementor-widget elementor-widget-pxl_process\" data-id=\"c8a6c7c\" data-element_type=\"widget\" data-settings=\"{&quot;_animation&quot;:&quot;fadeInUp&quot;}\" data-widget_type=\"pxl_process.default\">\n\t\t\t\t<div class=\"elementor-widget-container\">\n\t\t\t<div class=\"pxl-process pxl-process1\" data-wow-delay=\"ms\">\r\n            <div class=\"pxl-item--step\">\r\n            2010        <\/div>\r\n        <div class=\"pxl-item--inner\">\r\n                    <div class=\"pxl-item--image\">\r\n                <img loading=\"lazy\" decoding=\"async\" width=\"960\" height=\"370\" src=\"https:\/\/icco.ro\/wp-content\/uploads\/2025\/01\/2010-Bepco.png\" class=\"attachment-full\" alt=\"\" srcset=\"https:\/\/icco.ro\/wp-content\/uploads\/2025\/01\/2010-Bepco.png 960w, https:\/\/icco.ro\/wp-content\/uploads\/2025\/01\/2010-Bepco-600x231.png 600w, https:\/\/icco.ro\/wp-content\/uploads\/2025\/01\/2010-Bepco-300x116.png 300w, https:\/\/icco.ro\/wp-content\/uploads\/2025\/01\/2010-Bepco-768x296.png 768w, https:\/\/icco.ro\/wp-content\/uploads\/2025\/01\/2010-Bepco-18x7.png 18w\" sizes=\"(max-width: 960px) 100vw, 960px\" \/>            <\/div>\r\n                <div class=\"wrap-content\">\r\n            <h5 class=\"pxl-item--title el-empty\">Bepco<\/h5>\r\n            <div class=\"pxl-item--description el-empty translation-block\"><a href=\"http:\/\/www.icco.ro\/en\/bepco\" target=\"_blank\">Bepco<\/a> is founded, focusing on the production and sale of thermal and electrical energy through cogeneration, with a 23 million euro investment in Bra\u0219ov.<\/div>\r\n                        <\/div>\r\n        <\/div>\r\n    <\/div>\t\t<\/div>\n\t\t\t\t<\/div>\n\t\t\t\t<div class=\"elementor-element elementor-element-6823513 position-left elementor-invisible elementor-widget elementor-widget-pxl_process\" data-id=\"6823513\" data-element_type=\"widget\" data-settings=\"{&quot;_animation&quot;:&quot;fadeInUp&quot;}\" data-widget_type=\"pxl_process.default\">\n\t\t\t\t<div class=\"elementor-widget-container\">\n\t\t\t<div class=\"pxl-process pxl-process1\" data-wow-delay=\"ms\">\r\n            <div class=\"pxl-item--step\">\r\n            2010        <\/div>\r\n        <div class=\"pxl-item--inner\">\r\n                    <div class=\"pxl-item--image\">\r\n                <img loading=\"lazy\" decoding=\"async\" width=\"960\" height=\"370\" src=\"https:\/\/icco.ro\/wp-content\/uploads\/2025\/01\/2010-Kaufland.png\" class=\"attachment-full\" alt=\"\" srcset=\"https:\/\/icco.ro\/wp-content\/uploads\/2025\/01\/2010-Kaufland.png 960w, https:\/\/icco.ro\/wp-content\/uploads\/2025\/01\/2010-Kaufland-600x231.png 600w, https:\/\/icco.ro\/wp-content\/uploads\/2025\/01\/2010-Kaufland-300x116.png 300w, https:\/\/icco.ro\/wp-content\/uploads\/2025\/01\/2010-Kaufland-768x296.png 768w, https:\/\/icco.ro\/wp-content\/uploads\/2025\/01\/2010-Kaufland-18x7.png 18w\" sizes=\"(max-width: 960px) 100vw, 960px\" \/>            <\/div>\r\n                <div class=\"wrap-content\">\r\n            <h5 class=\"pxl-item--title el-empty\">Kaufland<\/h5>\r\n            <div class=\"pxl-item--description el-empty\">A general contracting agreement is signed for the construction of Kaufland in T\u00e2rgu Secuiesc and Gheorgheni.<\/div>\r\n                        <\/div>\r\n        <\/div>\r\n    <\/div>\t\t<\/div>\n\t\t\t\t<\/div>\n\t\t\t\t<div class=\"elementor-element elementor-element-5da3349 elementor-invisible elementor-widget elementor-widget-pxl_process\" data-id=\"5da3349\" data-element_type=\"widget\" data-settings=\"{&quot;_animation&quot;:&quot;fadeInUp&quot;}\" data-widget_type=\"pxl_process.default\">\n\t\t\t\t<div class=\"elementor-widget-container\">\n\t\t\t<div class=\"pxl-process pxl-process1\" data-wow-delay=\"ms\">\r\n            <div class=\"pxl-item--step\">\r\n            2009        <\/div>\r\n        <div class=\"pxl-item--inner\">\r\n                    <div class=\"pxl-item--image\">\r\n                <img loading=\"lazy\" decoding=\"async\" width=\"1000\" height=\"467\" src=\"https:\/\/icco.ro\/wp-content\/uploads\/2025\/02\/2019-Clinicco-e1739013099480.jpg\" class=\"attachment-full\" alt=\"\" srcset=\"https:\/\/icco.ro\/wp-content\/uploads\/2025\/02\/2019-Clinicco-e1739013099480.jpg 1000w, https:\/\/icco.ro\/wp-content\/uploads\/2025\/02\/2019-Clinicco-e1739013099480-600x280.jpg 600w, https:\/\/icco.ro\/wp-content\/uploads\/2025\/02\/2019-Clinicco-e1739013099480-300x140.jpg 300w, https:\/\/icco.ro\/wp-content\/uploads\/2025\/02\/2019-Clinicco-e1739013099480-768x359.jpg 768w, https:\/\/icco.ro\/wp-content\/uploads\/2025\/02\/2019-Clinicco-e1739013099480-18x8.jpg 18w\" sizes=\"(max-width: 1000px) 100vw, 1000px\" \/>            <\/div>\r\n                <div class=\"wrap-content\">\r\n            <h5 class=\"pxl-item--title el-empty\">CLINICCO<\/h5>\r\n            <div class=\"pxl-item--description el-empty\">Established <a href=\"https:\/\/clinicco.ro\" target=\"_blank\">CLINICCO<\/a> - private hospital specialized in interventional cardiology and prosthetic orthopaedics.<\/div>\r\n                        <\/div>\r\n        <\/div>\r\n    <\/div>\t\t<\/div>\n\t\t\t\t<\/div>\n\t\t\t\t<div class=\"elementor-element elementor-element-ecb915b position-left elementor-invisible elementor-widget elementor-widget-pxl_process\" data-id=\"ecb915b\" data-element_type=\"widget\" data-settings=\"{&quot;_animation&quot;:&quot;fadeInUp&quot;}\" data-widget_type=\"pxl_process.default\">\n\t\t\t\t<div class=\"elementor-widget-container\">\n\t\t\t<div class=\"pxl-process pxl-process1\" data-wow-delay=\"ms\">\r\n            <div class=\"pxl-item--step\">\r\n            2009        <\/div>\r\n        <div class=\"pxl-item--inner\">\r\n                    <div class=\"pxl-item--image\">\r\n                <img loading=\"lazy\" decoding=\"async\" width=\"960\" height=\"370\" src=\"https:\/\/icco.ro\/wp-content\/uploads\/2025\/01\/2009-Ford-Craiova.png\" class=\"attachment-full\" alt=\"\" srcset=\"https:\/\/icco.ro\/wp-content\/uploads\/2025\/01\/2009-Ford-Craiova.png 960w, https:\/\/icco.ro\/wp-content\/uploads\/2025\/01\/2009-Ford-Craiova-600x231.png 600w, https:\/\/icco.ro\/wp-content\/uploads\/2025\/01\/2009-Ford-Craiova-300x116.png 300w, https:\/\/icco.ro\/wp-content\/uploads\/2025\/01\/2009-Ford-Craiova-768x296.png 768w, https:\/\/icco.ro\/wp-content\/uploads\/2025\/01\/2009-Ford-Craiova-18x7.png 18w\" sizes=\"(max-width: 960px) 100vw, 960px\" \/>            <\/div>\r\n                <div class=\"wrap-content\">\r\n            <h5 class=\"pxl-item--title el-empty\">Ford Craiova<\/h5>\r\n            <div class=\"pxl-item--description el-empty\">A 2 million euro contract is signed for construction works at Ford Craiova.<\/div>\r\n                        <\/div>\r\n        <\/div>\r\n    <\/div>\t\t<\/div>\n\t\t\t\t<\/div>\n\t\t\t\t<div class=\"elementor-element elementor-element-337b778 elementor-invisible elementor-widget elementor-widget-pxl_process\" data-id=\"337b778\" data-element_type=\"widget\" data-settings=\"{&quot;_animation&quot;:&quot;fadeInUp&quot;}\" data-widget_type=\"pxl_process.default\">\n\t\t\t\t<div class=\"elementor-widget-container\">\n\t\t\t<div class=\"pxl-process pxl-process1\" data-wow-delay=\"ms\">\r\n            <div class=\"pxl-item--step\">\r\n            2009        <\/div>\r\n        <div class=\"pxl-item--inner\">\r\n                    <div class=\"pxl-item--image\">\r\n                <img loading=\"lazy\" decoding=\"async\" width=\"500\" height=\"266\" src=\"https:\/\/icco.ro\/wp-content\/uploads\/2025\/02\/2008-Hornbach-Brasov-e1739013274206.jpeg\" class=\"attachment-full\" alt=\"\" srcset=\"https:\/\/icco.ro\/wp-content\/uploads\/2025\/02\/2008-Hornbach-Brasov-e1739013274206.jpeg 500w, https:\/\/icco.ro\/wp-content\/uploads\/2025\/02\/2008-Hornbach-Brasov-e1739013274206-300x160.jpeg 300w, https:\/\/icco.ro\/wp-content\/uploads\/2025\/02\/2008-Hornbach-Brasov-e1739013274206-18x10.jpeg 18w\" sizes=\"(max-width: 500px) 100vw, 500px\" \/>            <\/div>\r\n                <div class=\"wrap-content\">\r\n            <h5 class=\"pxl-item--title el-empty\">Hornbach Brasov<\/h5>\r\n            <div class=\"pxl-item--description el-empty\">A 12.5 million euro contract is signed for the construction of Hornbach in Bra\u0219ov.\n<\/div>\r\n                        <\/div>\r\n        <\/div>\r\n    <\/div>\t\t<\/div>\n\t\t\t\t<\/div>\n\t\t\t\t<div class=\"elementor-element elementor-element-b2b9bee position-left elementor-invisible elementor-widget elementor-widget-pxl_process\" data-id=\"b2b9bee\" data-element_type=\"widget\" data-settings=\"{&quot;_animation&quot;:&quot;fadeInUp&quot;}\" data-widget_type=\"pxl_process.default\">\n\t\t\t\t<div class=\"elementor-widget-container\">\n\t\t\t<div class=\"pxl-process pxl-process1\" data-wow-delay=\"ms\">\r\n            <div class=\"pxl-item--step\">\r\n            2008        <\/div>\r\n        <div class=\"pxl-item--inner\">\r\n                    <div class=\"pxl-item--image\">\r\n                <img loading=\"lazy\" decoding=\"async\" width=\"960\" height=\"370\" src=\"https:\/\/icco.ro\/wp-content\/uploads\/2025\/01\/2008-Parcul-Industrial-Brasov.png\" class=\"attachment-full\" alt=\"\" srcset=\"https:\/\/icco.ro\/wp-content\/uploads\/2025\/01\/2008-Parcul-Industrial-Brasov.png 960w, https:\/\/icco.ro\/wp-content\/uploads\/2025\/01\/2008-Parcul-Industrial-Brasov-600x231.png 600w, https:\/\/icco.ro\/wp-content\/uploads\/2025\/01\/2008-Parcul-Industrial-Brasov-300x116.png 300w, https:\/\/icco.ro\/wp-content\/uploads\/2025\/01\/2008-Parcul-Industrial-Brasov-768x296.png 768w, https:\/\/icco.ro\/wp-content\/uploads\/2025\/01\/2008-Parcul-Industrial-Brasov-18x7.png 18w\" sizes=\"(max-width: 960px) 100vw, 960px\" \/>            <\/div>\r\n                <div class=\"wrap-content\">\r\n            <h5 class=\"pxl-item--title el-empty\">Industrial Park Brasov<\/h5>\r\n            <div class=\"pxl-item--description el-empty\">The German company Euro-Druckservice (EDS) is the first customer to sign a rental contract under the <a href=\"https:\/\/parc-industrial.ro\" target=\"_blank\">Industrial Park Brasov<\/a>.<\/div>\r\n                        <\/div>\r\n        <\/div>\r\n    <\/div>\t\t<\/div>\n\t\t\t\t<\/div>\n\t\t\t\t<div class=\"elementor-element elementor-element-3d6e042 elementor-invisible elementor-widget elementor-widget-pxl_process\" data-id=\"3d6e042\" data-element_type=\"widget\" data-settings=\"{&quot;_animation&quot;:&quot;fadeInUp&quot;}\" data-widget_type=\"pxl_process.default\">\n\t\t\t\t<div class=\"elementor-widget-container\">\n\t\t\t<div class=\"pxl-process pxl-process1\" data-wow-delay=\"ms\">\r\n            <div class=\"pxl-item--step\">\r\n            2008        <\/div>\r\n        <div class=\"pxl-item--inner\">\r\n                    <div class=\"pxl-item--image\">\r\n                <img loading=\"lazy\" decoding=\"async\" width=\"960\" height=\"370\" src=\"https:\/\/icco.ro\/wp-content\/uploads\/2025\/01\/2008-Kronospan-Brasov.png\" class=\"attachment-full\" alt=\"\" srcset=\"https:\/\/icco.ro\/wp-content\/uploads\/2025\/01\/2008-Kronospan-Brasov.png 960w, https:\/\/icco.ro\/wp-content\/uploads\/2025\/01\/2008-Kronospan-Brasov-600x231.png 600w, https:\/\/icco.ro\/wp-content\/uploads\/2025\/01\/2008-Kronospan-Brasov-300x116.png 300w, https:\/\/icco.ro\/wp-content\/uploads\/2025\/01\/2008-Kronospan-Brasov-768x296.png 768w, https:\/\/icco.ro\/wp-content\/uploads\/2025\/01\/2008-Kronospan-Brasov-18x7.png 18w\" sizes=\"(max-width: 960px) 100vw, 960px\" \/>            <\/div>\r\n                <div class=\"wrap-content\">\r\n            <h5 class=\"pxl-item--title el-empty\">Kronospan Brasov<\/h5>\r\n            <div class=\"pxl-item--description el-empty\">A contract worth 8.5 million euros is signed for electrical installations at Kronospan Bra\u0219ov.<\/div>\r\n                        <\/div>\r\n        <\/div>\r\n    <\/div>\t\t<\/div>\n\t\t\t\t<\/div>\n\t\t\t\t<div class=\"elementor-element elementor-element-d9b0ea5 position-left elementor-invisible elementor-widget elementor-widget-pxl_process\" data-id=\"d9b0ea5\" data-element_type=\"widget\" data-settings=\"{&quot;_animation&quot;:&quot;fadeInUp&quot;}\" data-widget_type=\"pxl_process.default\">\n\t\t\t\t<div class=\"elementor-widget-container\">\n\t\t\t<div class=\"pxl-process pxl-process1\" data-wow-delay=\"ms\">\r\n            <div class=\"pxl-item--step\">\r\n            2007        <\/div>\r\n        <div class=\"pxl-item--inner\">\r\n                    <div class=\"pxl-item--image\">\r\n                <img loading=\"lazy\" decoding=\"async\" width=\"1599\" height=\"783\" src=\"https:\/\/icco.ro\/wp-content\/uploads\/2026\/02\/IPB-2007.png\" class=\"attachment-full\" alt=\"\" srcset=\"https:\/\/icco.ro\/wp-content\/uploads\/2026\/02\/IPB-2007.png 1599w, https:\/\/icco.ro\/wp-content\/uploads\/2026\/02\/IPB-2007-300x147.png 300w, https:\/\/icco.ro\/wp-content\/uploads\/2026\/02\/IPB-2007-1024x501.png 1024w, https:\/\/icco.ro\/wp-content\/uploads\/2026\/02\/IPB-2007-768x376.png 768w, https:\/\/icco.ro\/wp-content\/uploads\/2026\/02\/IPB-2007-1536x752.png 1536w, https:\/\/icco.ro\/wp-content\/uploads\/2026\/02\/IPB-2007-18x9.png 18w, https:\/\/icco.ro\/wp-content\/uploads\/2026\/02\/IPB-2007-1170x573.png 1170w\" sizes=\"(max-width: 1599px) 100vw, 1599px\" \/>            <\/div>\r\n                <div class=\"wrap-content\">\r\n            <h5 class=\"pxl-item--title el-empty\">Industrial Park Brasov<\/h5>\r\n            <div class=\"pxl-item--description el-empty\">Work starts on <a href=\"https:\/\/parc-industrial.ro\" target=\"_blank\">Industrial Park Brasov<\/a> - renting production halls and office space.<\/div>\r\n                        <\/div>\r\n        <\/div>\r\n    <\/div>\t\t<\/div>\n\t\t\t\t<\/div>\n\t\t\t\t<div class=\"elementor-element elementor-element-a2b66e9 elementor-invisible elementor-widget elementor-widget-pxl_process\" data-id=\"a2b66e9\" data-element_type=\"widget\" data-settings=\"{&quot;_animation&quot;:&quot;fadeInUp&quot;}\" data-widget_type=\"pxl_process.default\">\n\t\t\t\t<div class=\"elementor-widget-container\">\n\t\t\t<div class=\"pxl-process pxl-process1\" data-wow-delay=\"ms\">\r\n            <div class=\"pxl-item--step\">\r\n            2007        <\/div>\r\n        <div class=\"pxl-item--inner\">\r\n                    <div class=\"pxl-item--image\">\r\n                <img loading=\"lazy\" decoding=\"async\" width=\"2245\" height=\"735\" src=\"https:\/\/icco.ro\/wp-content\/uploads\/2026\/02\/comego.png\" class=\"attachment-full\" alt=\"\" srcset=\"https:\/\/icco.ro\/wp-content\/uploads\/2026\/02\/comego.png 2245w, https:\/\/icco.ro\/wp-content\/uploads\/2026\/02\/comego-300x98.png 300w, https:\/\/icco.ro\/wp-content\/uploads\/2026\/02\/comego-1024x335.png 1024w, https:\/\/icco.ro\/wp-content\/uploads\/2026\/02\/comego-768x251.png 768w, https:\/\/icco.ro\/wp-content\/uploads\/2026\/02\/comego-1536x503.png 1536w, https:\/\/icco.ro\/wp-content\/uploads\/2026\/02\/comego-2048x671.png 2048w, https:\/\/icco.ro\/wp-content\/uploads\/2026\/02\/comego-18x6.png 18w, https:\/\/icco.ro\/wp-content\/uploads\/2026\/02\/comego-1170x383.png 1170w\" sizes=\"(max-width: 2245px) 100vw, 2245px\" \/>            <\/div>\r\n                <div class=\"wrap-content\">\r\n            <h5 class=\"pxl-item--title el-empty\">Come &amp; Go<\/h5>\r\n            <div class=\"pxl-item--description el-empty translation-block\"><a href=\"http:\/\/www.icco.ro\/en\/come-go\" target=\"_blank\">The Come &amp; Go<\/a> complex is built, offering commercial and office space for lease.<\/div>\r\n                        <\/div>\r\n        <\/div>\r\n    <\/div>\t\t<\/div>\n\t\t\t\t<\/div>\n\t\t\t\t<div class=\"elementor-element elementor-element-c832636 position-left elementor-invisible elementor-widget elementor-widget-pxl_process\" data-id=\"c832636\" data-element_type=\"widget\" data-settings=\"{&quot;_animation&quot;:&quot;fadeInUp&quot;}\" data-widget_type=\"pxl_process.default\">\n\t\t\t\t<div class=\"elementor-widget-container\">\n\t\t\t<div class=\"pxl-process pxl-process1\" data-wow-delay=\"ms\">\r\n            <div class=\"pxl-item--step\">\r\n            2007        <\/div>\r\n        <div class=\"pxl-item--inner\">\r\n                    <div class=\"pxl-item--image\">\r\n                <img loading=\"lazy\" decoding=\"async\" width=\"2245\" height=\"735\" src=\"https:\/\/icco.ro\/wp-content\/uploads\/2026\/02\/energ.png\" class=\"attachment-full\" alt=\"\" srcset=\"https:\/\/icco.ro\/wp-content\/uploads\/2026\/02\/energ.png 2245w, https:\/\/icco.ro\/wp-content\/uploads\/2026\/02\/energ-300x98.png 300w, https:\/\/icco.ro\/wp-content\/uploads\/2026\/02\/energ-1024x335.png 1024w, https:\/\/icco.ro\/wp-content\/uploads\/2026\/02\/energ-768x251.png 768w, https:\/\/icco.ro\/wp-content\/uploads\/2026\/02\/energ-1536x503.png 1536w, https:\/\/icco.ro\/wp-content\/uploads\/2026\/02\/energ-2048x671.png 2048w, https:\/\/icco.ro\/wp-content\/uploads\/2026\/02\/energ-18x6.png 18w, https:\/\/icco.ro\/wp-content\/uploads\/2026\/02\/energ-1170x383.png 1170w\" sizes=\"(max-width: 2245px) 100vw, 2245px\" \/>            <\/div>\r\n                <div class=\"wrap-content\">\r\n            <h5 class=\"pxl-item--title el-empty\">ICCO Energ<\/h5>\r\n            <div class=\"pxl-item--description el-empty translation-block\"><a href=\"http:\/\/www.icco.ro\/en\/energ\" target=\"_blank\">ICCO Energ<\/a> is founded, licensed to supply electricity.<\/div>\r\n                        <\/div>\r\n        <\/div>\r\n    <\/div>\t\t<\/div>\n\t\t\t\t<\/div>\n\t\t\t\t<div class=\"elementor-element elementor-element-e179728 elementor-invisible elementor-widget elementor-widget-pxl_process\" data-id=\"e179728\" data-element_type=\"widget\" data-settings=\"{&quot;_animation&quot;:&quot;fadeInUp&quot;}\" data-widget_type=\"pxl_process.default\">\n\t\t\t\t<div class=\"elementor-widget-container\">\n\t\t\t<div class=\"pxl-process pxl-process1\" data-wow-delay=\"ms\">\r\n            <div class=\"pxl-item--step\">\r\n            2007        <\/div>\r\n        <div class=\"pxl-item--inner\">\r\n                    <div class=\"pxl-item--image\">\r\n                <img loading=\"lazy\" decoding=\"async\" width=\"960\" height=\"370\" src=\"https:\/\/icco.ro\/wp-content\/uploads\/2025\/01\/2007-Continental-Automotive-Systems.png\" class=\"attachment-full\" alt=\"\" srcset=\"https:\/\/icco.ro\/wp-content\/uploads\/2025\/01\/2007-Continental-Automotive-Systems.png 960w, https:\/\/icco.ro\/wp-content\/uploads\/2025\/01\/2007-Continental-Automotive-Systems-600x231.png 600w, https:\/\/icco.ro\/wp-content\/uploads\/2025\/01\/2007-Continental-Automotive-Systems-300x116.png 300w, https:\/\/icco.ro\/wp-content\/uploads\/2025\/01\/2007-Continental-Automotive-Systems-768x296.png 768w, https:\/\/icco.ro\/wp-content\/uploads\/2025\/01\/2007-Continental-Automotive-Systems-18x7.png 18w\" sizes=\"(max-width: 960px) 100vw, 960px\" \/>            <\/div>\r\n                <div class=\"wrap-content\">\r\n            <h5 class=\"pxl-item--title el-empty\">Continental Automotive Systems<\/h5>\r\n            <div class=\"pxl-item--description el-empty\">Contracts worth 13 million euros are signed for the construction of two production halls for Continental Automotive Systems in Sibiu.<\/div>\r\n                        <\/div>\r\n        <\/div>\r\n    <\/div>\t\t<\/div>\n\t\t\t\t<\/div>\n\t\t\t\t<div class=\"elementor-element elementor-element-678db30 position-left elementor-invisible elementor-widget elementor-widget-pxl_process\" data-id=\"678db30\" data-element_type=\"widget\" data-settings=\"{&quot;_animation&quot;:&quot;fadeInUp&quot;}\" data-widget_type=\"pxl_process.default\">\n\t\t\t\t<div class=\"elementor-widget-container\">\n\t\t\t<div class=\"pxl-process pxl-process1\" data-wow-delay=\"ms\">\r\n            <div class=\"pxl-item--step\">\r\n            2007        <\/div>\r\n        <div class=\"pxl-item--inner\">\r\n                    <div class=\"pxl-item--image\">\r\n                <img loading=\"lazy\" decoding=\"async\" width=\"1067\" height=\"800\" src=\"https:\/\/icco.ro\/wp-content\/uploads\/2025\/02\/2007-Unirea-Shopping-Center-Brasov.jpg\" class=\"attachment-full\" alt=\"\" srcset=\"https:\/\/icco.ro\/wp-content\/uploads\/2025\/02\/2007-Unirea-Shopping-Center-Brasov.jpg 1067w, https:\/\/icco.ro\/wp-content\/uploads\/2025\/02\/2007-Unirea-Shopping-Center-Brasov-600x450.jpg 600w, https:\/\/icco.ro\/wp-content\/uploads\/2025\/02\/2007-Unirea-Shopping-Center-Brasov-300x225.jpg 300w, https:\/\/icco.ro\/wp-content\/uploads\/2025\/02\/2007-Unirea-Shopping-Center-Brasov-1024x768.jpg 1024w, https:\/\/icco.ro\/wp-content\/uploads\/2025\/02\/2007-Unirea-Shopping-Center-Brasov-768x576.jpg 768w, https:\/\/icco.ro\/wp-content\/uploads\/2025\/02\/2007-Unirea-Shopping-Center-Brasov-16x12.jpg 16w, https:\/\/icco.ro\/wp-content\/uploads\/2025\/02\/2007-Unirea-Shopping-Center-Brasov-947x710.jpg 947w\" sizes=\"(max-width: 1067px) 100vw, 1067px\" \/>            <\/div>\r\n                <div class=\"wrap-content\">\r\n            <h5 class=\"pxl-item--title el-empty\">Unirea Shopping Center Brasov<\/h5>\r\n            <div class=\"pxl-item--description el-empty\">A general contracting agreement is signed for electrical installations at Unirea Shopping Center in Bra\u0219ov.<\/div>\r\n                        <\/div>\r\n        <\/div>\r\n    <\/div>\t\t<\/div>\n\t\t\t\t<\/div>\n\t\t\t\t<div class=\"elementor-element elementor-element-f9f744e elementor-invisible elementor-widget elementor-widget-pxl_process\" data-id=\"f9f744e\" data-element_type=\"widget\" data-settings=\"{&quot;_animation&quot;:&quot;fadeInUp&quot;}\" data-widget_type=\"pxl_process.default\">\n\t\t\t\t<div class=\"elementor-widget-container\">\n\t\t\t<div class=\"pxl-process pxl-process1\" data-wow-delay=\"ms\">\r\n            <div class=\"pxl-item--step\">\r\n            2006        <\/div>\r\n        <div class=\"pxl-item--inner\">\r\n                    <div class=\"pxl-item--image\">\r\n                <img loading=\"lazy\" decoding=\"async\" width=\"2245\" height=\"735\" src=\"https:\/\/icco.ro\/wp-content\/uploads\/2026\/02\/instal.png\" class=\"attachment-full\" alt=\"\" srcset=\"https:\/\/icco.ro\/wp-content\/uploads\/2026\/02\/instal.png 2245w, https:\/\/icco.ro\/wp-content\/uploads\/2026\/02\/instal-300x98.png 300w, https:\/\/icco.ro\/wp-content\/uploads\/2026\/02\/instal-1024x335.png 1024w, https:\/\/icco.ro\/wp-content\/uploads\/2026\/02\/instal-768x251.png 768w, https:\/\/icco.ro\/wp-content\/uploads\/2026\/02\/instal-1536x503.png 1536w, https:\/\/icco.ro\/wp-content\/uploads\/2026\/02\/instal-2048x671.png 2048w, https:\/\/icco.ro\/wp-content\/uploads\/2026\/02\/instal-18x6.png 18w, https:\/\/icco.ro\/wp-content\/uploads\/2026\/02\/instal-1170x383.png 1170w\" sizes=\"(max-width: 2245px) 100vw, 2245px\" \/>            <\/div>\r\n                <div class=\"wrap-content\">\r\n            <h5 class=\"pxl-item--title el-empty\">ICCO Instal<\/h5>\r\n            <div class=\"pxl-item--description el-empty translation-block\"><a href=\"http:\/\/www.icco.ro\/en\/instal\" target=\"_blank\">ICCO Instal<\/a> is founded, specializing in sanitary and HVAC installations.<\/div>\r\n                        <\/div>\r\n        <\/div>\r\n    <\/div>\t\t<\/div>\n\t\t\t\t<\/div>\n\t\t\t\t<div class=\"elementor-element elementor-element-49d24fe position-left elementor-invisible elementor-widget elementor-widget-pxl_process\" data-id=\"49d24fe\" data-element_type=\"widget\" data-settings=\"{&quot;_animation&quot;:&quot;fadeInUp&quot;}\" data-widget_type=\"pxl_process.default\">\n\t\t\t\t<div class=\"elementor-widget-container\">\n\t\t\t<div class=\"pxl-process pxl-process1\" data-wow-delay=\"ms\">\r\n            <div class=\"pxl-item--step\">\r\n            2006        <\/div>\r\n        <div class=\"pxl-item--inner\">\r\n                    <div class=\"pxl-item--image\">\r\n                <img loading=\"lazy\" decoding=\"async\" width=\"960\" height=\"362\" src=\"https:\/\/icco.ro\/wp-content\/uploads\/2025\/01\/2006-Hutchinson-1.png\" class=\"attachment-full\" alt=\"\" srcset=\"https:\/\/icco.ro\/wp-content\/uploads\/2025\/01\/2006-Hutchinson-1.png 960w, https:\/\/icco.ro\/wp-content\/uploads\/2025\/01\/2006-Hutchinson-1-600x226.png 600w, https:\/\/icco.ro\/wp-content\/uploads\/2025\/01\/2006-Hutchinson-1-300x113.png 300w, https:\/\/icco.ro\/wp-content\/uploads\/2025\/01\/2006-Hutchinson-1-768x290.png 768w, https:\/\/icco.ro\/wp-content\/uploads\/2025\/01\/2006-Hutchinson-1-18x7.png 18w\" sizes=\"(max-width: 960px) 100vw, 960px\" \/>            <\/div>\r\n                <div class=\"wrap-content\">\r\n            <h5 class=\"pxl-item--title el-empty\">Hutchinson<\/h5>\r\n            <div class=\"pxl-item--description el-empty\">A 5 million euro contract is signed for the construction of module 1 at Hutchinson Bra\u0219ov, with module 2 to follow in 2011 for 3.5 million euros.<\/div>\r\n                        <\/div>\r\n        <\/div>\r\n    <\/div>\t\t<\/div>\n\t\t\t\t<\/div>\n\t\t\t\t<div class=\"elementor-element elementor-element-56badd0 elementor-invisible elementor-widget elementor-widget-pxl_process\" data-id=\"56badd0\" data-element_type=\"widget\" data-settings=\"{&quot;_animation&quot;:&quot;fadeInUp&quot;}\" data-widget_type=\"pxl_process.default\">\n\t\t\t\t<div class=\"elementor-widget-container\">\n\t\t\t<div class=\"pxl-process pxl-process1\" data-wow-delay=\"ms\">\r\n            <div class=\"pxl-item--step\">\r\n            2006        <\/div>\r\n        <div class=\"pxl-item--inner\">\r\n                    <div class=\"pxl-item--image\">\r\n                <img loading=\"lazy\" decoding=\"async\" width=\"1080\" height=\"500\" src=\"https:\/\/icco.ro\/wp-content\/uploads\/2025\/02\/2006-Cora.png\" class=\"attachment-full\" alt=\"\" srcset=\"https:\/\/icco.ro\/wp-content\/uploads\/2025\/02\/2006-Cora.png 1080w, https:\/\/icco.ro\/wp-content\/uploads\/2025\/02\/2006-Cora-600x278.png 600w, https:\/\/icco.ro\/wp-content\/uploads\/2025\/02\/2006-Cora-300x139.png 300w, https:\/\/icco.ro\/wp-content\/uploads\/2025\/02\/2006-Cora-1024x474.png 1024w, https:\/\/icco.ro\/wp-content\/uploads\/2025\/02\/2006-Cora-768x356.png 768w, https:\/\/icco.ro\/wp-content\/uploads\/2025\/02\/2006-Cora-18x8.png 18w\" sizes=\"(max-width: 1080px) 100vw, 1080px\" \/>            <\/div>\r\n                <div class=\"wrap-content\">\r\n            <h5 class=\"pxl-item--title el-empty\">Cora Cluj Napoca<\/h5>\r\n            <div class=\"pxl-item--description el-empty\">A contract is signed for electrical installations at Cora Cluj-Napoca, to be followed by Cora Bucharest in 2009.<\/div>\r\n                        <\/div>\r\n        <\/div>\r\n    <\/div>\t\t<\/div>\n\t\t\t\t<\/div>\n\t\t\t\t<div class=\"elementor-element elementor-element-b4e082c position-left elementor-invisible elementor-widget elementor-widget-pxl_process\" data-id=\"b4e082c\" data-element_type=\"widget\" data-settings=\"{&quot;_animation&quot;:&quot;fadeInUp&quot;}\" data-widget_type=\"pxl_process.default\">\n\t\t\t\t<div class=\"elementor-widget-container\">\n\t\t\t<div class=\"pxl-process pxl-process1\" data-wow-delay=\"ms\">\r\n            <div class=\"pxl-item--step\">\r\n            2005        <\/div>\r\n        <div class=\"pxl-item--inner\">\r\n                    <div class=\"pxl-item--image\">\r\n                <img loading=\"lazy\" decoding=\"async\" width=\"960\" height=\"370\" src=\"https:\/\/icco.ro\/wp-content\/uploads\/2025\/01\/2005-Stabilus-Brasov.png\" class=\"attachment-full\" alt=\"\" srcset=\"https:\/\/icco.ro\/wp-content\/uploads\/2025\/01\/2005-Stabilus-Brasov.png 960w, https:\/\/icco.ro\/wp-content\/uploads\/2025\/01\/2005-Stabilus-Brasov-600x231.png 600w, https:\/\/icco.ro\/wp-content\/uploads\/2025\/01\/2005-Stabilus-Brasov-300x116.png 300w, https:\/\/icco.ro\/wp-content\/uploads\/2025\/01\/2005-Stabilus-Brasov-768x296.png 768w, https:\/\/icco.ro\/wp-content\/uploads\/2025\/01\/2005-Stabilus-Brasov-18x7.png 18w\" sizes=\"(max-width: 960px) 100vw, 960px\" \/>            <\/div>\r\n                <div class=\"wrap-content\">\r\n            <h5 class=\"pxl-item--title el-empty\">Stabilus Brasov<\/h5>\r\n            <div class=\"pxl-item--description el-empty\">A general contracting agreement worth 5 million euros is signed for the construction of Stabilus Bra\u0219ov, a 11,000 sqm hall completed in 6 months.<\/div>\r\n                        <\/div>\r\n        <\/div>\r\n    <\/div>\t\t<\/div>\n\t\t\t\t<\/div>\n\t\t\t\t<div class=\"elementor-element elementor-element-2df80ed elementor-invisible elementor-widget elementor-widget-pxl_process\" data-id=\"2df80ed\" data-element_type=\"widget\" data-settings=\"{&quot;_animation&quot;:&quot;fadeInUp&quot;}\" data-widget_type=\"pxl_process.default\">\n\t\t\t\t<div class=\"elementor-widget-container\">\n\t\t\t<div class=\"pxl-process pxl-process1\" data-wow-delay=\"ms\">\r\n            <div class=\"pxl-item--step\">\r\n            2005        <\/div>\r\n        <div class=\"pxl-item--inner\">\r\n                    <div class=\"pxl-item--image\">\r\n                <img loading=\"lazy\" decoding=\"async\" width=\"960\" height=\"370\" src=\"https:\/\/icco.ro\/wp-content\/uploads\/2025\/01\/2005-Pirelli-Slatina.png\" class=\"attachment-full\" alt=\"\" srcset=\"https:\/\/icco.ro\/wp-content\/uploads\/2025\/01\/2005-Pirelli-Slatina.png 960w, https:\/\/icco.ro\/wp-content\/uploads\/2025\/01\/2005-Pirelli-Slatina-600x231.png 600w, https:\/\/icco.ro\/wp-content\/uploads\/2025\/01\/2005-Pirelli-Slatina-300x116.png 300w, https:\/\/icco.ro\/wp-content\/uploads\/2025\/01\/2005-Pirelli-Slatina-768x296.png 768w, https:\/\/icco.ro\/wp-content\/uploads\/2025\/01\/2005-Pirelli-Slatina-18x7.png 18w\" sizes=\"(max-width: 960px) 100vw, 960px\" \/>            <\/div>\r\n                <div class=\"wrap-content\">\r\n            <h5 class=\"pxl-item--title el-empty\">Pirelli Slatina<\/h5>\r\n            <div class=\"pxl-item--description el-empty\">A collaboration with Pirelli Slatina begins, with contracts worth over 10 million euros.<\/div>\r\n                        <\/div>\r\n        <\/div>\r\n    <\/div>\t\t<\/div>\n\t\t\t\t<\/div>\n\t\t\t\t<div class=\"elementor-element elementor-element-711fdfc position-left elementor-invisible elementor-widget elementor-widget-pxl_process\" data-id=\"711fdfc\" data-element_type=\"widget\" data-settings=\"{&quot;_animation&quot;:&quot;fadeInUp&quot;}\" data-widget_type=\"pxl_process.default\">\n\t\t\t\t<div class=\"elementor-widget-container\">\n\t\t\t<div class=\"pxl-process pxl-process1\" data-wow-delay=\"ms\">\r\n            <div class=\"pxl-item--step\">\r\n            2005        <\/div>\r\n        <div class=\"pxl-item--inner\">\r\n                    <div class=\"pxl-item--image\">\r\n                <img loading=\"lazy\" decoding=\"async\" width=\"960\" height=\"370\" src=\"https:\/\/icco.ro\/wp-content\/uploads\/2025\/01\/2005-Autoliv.png\" class=\"attachment-full\" alt=\"\" srcset=\"https:\/\/icco.ro\/wp-content\/uploads\/2025\/01\/2005-Autoliv.png 960w, https:\/\/icco.ro\/wp-content\/uploads\/2025\/01\/2005-Autoliv-600x231.png 600w, https:\/\/icco.ro\/wp-content\/uploads\/2025\/01\/2005-Autoliv-300x116.png 300w, https:\/\/icco.ro\/wp-content\/uploads\/2025\/01\/2005-Autoliv-768x296.png 768w, https:\/\/icco.ro\/wp-content\/uploads\/2025\/01\/2005-Autoliv-18x7.png 18w\" sizes=\"(max-width: 960px) 100vw, 960px\" \/>            <\/div>\r\n                <div class=\"wrap-content\">\r\n            <h5 class=\"pxl-item--title el-empty\">Autoliv<\/h5>\r\n            <div class=\"pxl-item--description el-empty\">The foundation for a collaboration with Autoliv is laid, with more than 50,000 sqm delivered by the end of 2013.<\/div>\r\n                        <\/div>\r\n        <\/div>\r\n    <\/div>\t\t<\/div>\n\t\t\t\t<\/div>\n\t\t\t\t<div class=\"elementor-element elementor-element-c061c3b elementor-invisible elementor-widget elementor-widget-pxl_process\" data-id=\"c061c3b\" data-element_type=\"widget\" data-settings=\"{&quot;_animation&quot;:&quot;fadeInUp&quot;}\" data-widget_type=\"pxl_process.default\">\n\t\t\t\t<div class=\"elementor-widget-container\">\n\t\t\t<div class=\"pxl-process pxl-process1\" data-wow-delay=\"ms\">\r\n            <div class=\"pxl-item--step\">\r\n            2005        <\/div>\r\n        <div class=\"pxl-item--inner\">\r\n                    <div class=\"pxl-item--image\">\r\n                <img loading=\"lazy\" decoding=\"async\" width=\"2245\" height=\"735\" src=\"https:\/\/icco.ro\/wp-content\/uploads\/2026\/02\/silver.png\" class=\"attachment-full\" alt=\"\" srcset=\"https:\/\/icco.ro\/wp-content\/uploads\/2026\/02\/silver.png 2245w, https:\/\/icco.ro\/wp-content\/uploads\/2026\/02\/silver-300x98.png 300w, https:\/\/icco.ro\/wp-content\/uploads\/2026\/02\/silver-1024x335.png 1024w, https:\/\/icco.ro\/wp-content\/uploads\/2026\/02\/silver-768x251.png 768w, https:\/\/icco.ro\/wp-content\/uploads\/2026\/02\/silver-1536x503.png 1536w, https:\/\/icco.ro\/wp-content\/uploads\/2026\/02\/silver-2048x671.png 2048w, https:\/\/icco.ro\/wp-content\/uploads\/2026\/02\/silver-18x6.png 18w, https:\/\/icco.ro\/wp-content\/uploads\/2026\/02\/silver-1170x383.png 1170w\" sizes=\"(max-width: 2245px) 100vw, 2245px\" \/>            <\/div>\r\n                <div class=\"wrap-content\">\r\n            <h5 class=\"pxl-item--title el-empty\">Silver Motors<\/h5>\r\n            <div class=\"pxl-item--description el-empty\">Silver Motors is set up - car dealer.<\/div>\r\n                        <\/div>\r\n        <\/div>\r\n    <\/div>\t\t<\/div>\n\t\t\t\t<\/div>\n\t\t\t\t<div class=\"elementor-element elementor-element-acdd7cf position-left elementor-invisible elementor-widget elementor-widget-pxl_process\" data-id=\"acdd7cf\" data-element_type=\"widget\" data-settings=\"{&quot;_animation&quot;:&quot;fadeInUp&quot;}\" data-widget_type=\"pxl_process.default\">\n\t\t\t\t<div class=\"elementor-widget-container\">\n\t\t\t<div class=\"pxl-process pxl-process1\" data-wow-delay=\"ms\">\r\n            <div class=\"pxl-item--step\">\r\n            2004        <\/div>\r\n        <div class=\"pxl-item--inner\">\r\n                    <div class=\"pxl-item--image\">\r\n                <img loading=\"lazy\" decoding=\"async\" width=\"960\" height=\"370\" src=\"https:\/\/icco.ro\/wp-content\/uploads\/2025\/01\/2004-Celestica.png\" class=\"attachment-full\" alt=\"\" srcset=\"https:\/\/icco.ro\/wp-content\/uploads\/2025\/01\/2004-Celestica.png 960w, https:\/\/icco.ro\/wp-content\/uploads\/2025\/01\/2004-Celestica-600x231.png 600w, https:\/\/icco.ro\/wp-content\/uploads\/2025\/01\/2004-Celestica-300x116.png 300w, https:\/\/icco.ro\/wp-content\/uploads\/2025\/01\/2004-Celestica-768x296.png 768w, https:\/\/icco.ro\/wp-content\/uploads\/2025\/01\/2004-Celestica-18x7.png 18w\" sizes=\"(max-width: 960px) 100vw, 960px\" \/>            <\/div>\r\n                <div class=\"wrap-content\">\r\n            <h5 class=\"pxl-item--title el-empty\">Celestica<\/h5>\r\n            <div class=\"pxl-item--description el-empty\">The general contracting agreement for the construction of Celestica Romania in Oradea is signed, valued at 23 million Euros.<\/div>\r\n                        <\/div>\r\n        <\/div>\r\n    <\/div>\t\t<\/div>\n\t\t\t\t<\/div>\n\t\t\t\t<div class=\"elementor-element elementor-element-e3f874a elementor-invisible elementor-widget elementor-widget-pxl_process\" data-id=\"e3f874a\" data-element_type=\"widget\" data-settings=\"{&quot;_animation&quot;:&quot;fadeInUp&quot;}\" data-widget_type=\"pxl_process.default\">\n\t\t\t\t<div class=\"elementor-widget-container\">\n\t\t\t<div class=\"pxl-process pxl-process1\" data-wow-delay=\"ms\">\r\n            <div class=\"pxl-item--step\">\r\n            2003        <\/div>\r\n        <div class=\"pxl-item--inner\">\r\n                    <div class=\"pxl-item--image\">\r\n                <img loading=\"lazy\" decoding=\"async\" width=\"1600\" height=\"1093\" src=\"https:\/\/icco.ro\/wp-content\/uploads\/2025\/02\/schaeffler.jpeg\" class=\"attachment-full\" alt=\"\" srcset=\"https:\/\/icco.ro\/wp-content\/uploads\/2025\/02\/schaeffler.jpeg 1600w, https:\/\/icco.ro\/wp-content\/uploads\/2025\/02\/schaeffler-600x410.jpeg 600w, https:\/\/icco.ro\/wp-content\/uploads\/2025\/02\/schaeffler-300x205.jpeg 300w, https:\/\/icco.ro\/wp-content\/uploads\/2025\/02\/schaeffler-1024x700.jpeg 1024w, https:\/\/icco.ro\/wp-content\/uploads\/2025\/02\/schaeffler-768x525.jpeg 768w, https:\/\/icco.ro\/wp-content\/uploads\/2025\/02\/schaeffler-1536x1049.jpeg 1536w, https:\/\/icco.ro\/wp-content\/uploads\/2025\/02\/schaeffler-18x12.jpeg 18w, https:\/\/icco.ro\/wp-content\/uploads\/2025\/02\/schaeffler-1039x710.jpeg 1039w\" sizes=\"(max-width: 1600px) 100vw, 1600px\" \/>            <\/div>\r\n                <div class=\"wrap-content\">\r\n            <h5 class=\"pxl-item--title el-empty\">Schaeffler Romania<\/h5>\r\n            <div class=\"pxl-item--description el-empty\">The cooperation contract with Schaeffler Romania is signed.<\/div>\r\n                        <\/div>\r\n        <\/div>\r\n    <\/div>\t\t<\/div>\n\t\t\t\t<\/div>\n\t\t\t\t<div class=\"elementor-element elementor-element-857be79 position-left elementor-invisible elementor-widget elementor-widget-pxl_process\" data-id=\"857be79\" data-element_type=\"widget\" data-settings=\"{&quot;_animation&quot;:&quot;fadeInUp&quot;}\" data-widget_type=\"pxl_process.default\">\n\t\t\t\t<div class=\"elementor-widget-container\">\n\t\t\t<div class=\"pxl-process pxl-process1\" data-wow-delay=\"ms\">\r\n            <div class=\"pxl-item--step\">\r\n            2001        <\/div>\r\n        <div class=\"pxl-item--inner\">\r\n                    <div class=\"pxl-item--image\">\r\n                <img loading=\"lazy\" decoding=\"async\" width=\"2245\" height=\"735\" src=\"https:\/\/icco.ro\/wp-content\/uploads\/2026\/02\/construct.png\" class=\"attachment-full\" alt=\"\" srcset=\"https:\/\/icco.ro\/wp-content\/uploads\/2026\/02\/construct.png 2245w, https:\/\/icco.ro\/wp-content\/uploads\/2026\/02\/construct-300x98.png 300w, https:\/\/icco.ro\/wp-content\/uploads\/2026\/02\/construct-1024x335.png 1024w, https:\/\/icco.ro\/wp-content\/uploads\/2026\/02\/construct-768x251.png 768w, https:\/\/icco.ro\/wp-content\/uploads\/2026\/02\/construct-1536x503.png 1536w, https:\/\/icco.ro\/wp-content\/uploads\/2026\/02\/construct-2048x671.png 2048w, https:\/\/icco.ro\/wp-content\/uploads\/2026\/02\/construct-18x6.png 18w, https:\/\/icco.ro\/wp-content\/uploads\/2026\/02\/construct-1170x383.png 1170w\" sizes=\"(max-width: 2245px) 100vw, 2245px\" \/>            <\/div>\r\n                <div class=\"wrap-content\">\r\n            <h5 class=\"pxl-item--title el-empty\">ICCO Construct<\/h5>\r\n            <div class=\"pxl-item--description el-empty\">ICCO Construct - execution of construction works.<\/div>\r\n                        <\/div>\r\n        <\/div>\r\n    <\/div>\t\t<\/div>\n\t\t\t\t<\/div>\n\t\t\t\t<div class=\"elementor-element elementor-element-e69cc6f elementor-invisible elementor-widget elementor-widget-pxl_process\" data-id=\"e69cc6f\" data-element_type=\"widget\" data-settings=\"{&quot;_animation&quot;:&quot;fadeInUp&quot;}\" data-widget_type=\"pxl_process.default\">\n\t\t\t\t<div class=\"elementor-widget-container\">\n\t\t\t<div class=\"pxl-process pxl-process1\" data-wow-delay=\"ms\">\r\n            <div class=\"pxl-item--step\">\r\n            2001        <\/div>\r\n        <div class=\"pxl-item--inner\">\r\n                    <div class=\"pxl-item--image\">\r\n                <img loading=\"lazy\" decoding=\"async\" width=\"1024\" height=\"768\" src=\"https:\/\/icco.ro\/wp-content\/uploads\/2025\/02\/2001-Hotelul-Howard-Johnson-.webp\" class=\"attachment-full\" alt=\"\" srcset=\"https:\/\/icco.ro\/wp-content\/uploads\/2025\/02\/2001-Hotelul-Howard-Johnson-.webp 1024w, https:\/\/icco.ro\/wp-content\/uploads\/2025\/02\/2001-Hotelul-Howard-Johnson--600x450.webp 600w, https:\/\/icco.ro\/wp-content\/uploads\/2025\/02\/2001-Hotelul-Howard-Johnson--300x225.webp 300w, https:\/\/icco.ro\/wp-content\/uploads\/2025\/02\/2001-Hotelul-Howard-Johnson--768x576.webp 768w, https:\/\/icco.ro\/wp-content\/uploads\/2025\/02\/2001-Hotelul-Howard-Johnson--16x12.webp 16w, https:\/\/icco.ro\/wp-content\/uploads\/2025\/02\/2001-Hotelul-Howard-Johnson--947x710.webp 947w\" sizes=\"(max-width: 1024px) 100vw, 1024px\" \/>            <\/div>\r\n                <div class=\"wrap-content\">\r\n            <h5 class=\"pxl-item--title el-empty\">Howard Johnson Hotel<\/h5>\r\n            <div class=\"pxl-item--description el-empty\">The contract for electrical installation works for the Howard Johnson Grand Plaza Hotel in Bucharest is signed.<\/div>\r\n                        <\/div>\r\n        <\/div>\r\n    <\/div>\t\t<\/div>\n\t\t\t\t<\/div>\n\t\t\t\t<div class=\"elementor-element elementor-element-3f7188a position-left elementor-invisible elementor-widget elementor-widget-pxl_process\" data-id=\"3f7188a\" data-element_type=\"widget\" data-settings=\"{&quot;_animation&quot;:&quot;fadeInUp&quot;}\" data-widget_type=\"pxl_process.default\">\n\t\t\t\t<div class=\"elementor-widget-container\">\n\t\t\t<div class=\"pxl-process pxl-process1\" data-wow-delay=\"ms\">\r\n            <div class=\"pxl-item--step\">\r\n            2000        <\/div>\r\n        <div class=\"pxl-item--inner\">\r\n                    <div class=\"pxl-item--image\">\r\n                <img loading=\"lazy\" decoding=\"async\" width=\"2245\" height=\"735\" src=\"https:\/\/icco.ro\/wp-content\/uploads\/2026\/02\/termotec.png\" class=\"attachment-full\" alt=\"\" srcset=\"https:\/\/icco.ro\/wp-content\/uploads\/2026\/02\/termotec.png 2245w, https:\/\/icco.ro\/wp-content\/uploads\/2026\/02\/termotec-300x98.png 300w, https:\/\/icco.ro\/wp-content\/uploads\/2026\/02\/termotec-1024x335.png 1024w, https:\/\/icco.ro\/wp-content\/uploads\/2026\/02\/termotec-768x251.png 768w, https:\/\/icco.ro\/wp-content\/uploads\/2026\/02\/termotec-1536x503.png 1536w, https:\/\/icco.ro\/wp-content\/uploads\/2026\/02\/termotec-2048x671.png 2048w, https:\/\/icco.ro\/wp-content\/uploads\/2026\/02\/termotec-18x6.png 18w, https:\/\/icco.ro\/wp-content\/uploads\/2026\/02\/termotec-1170x383.png 1170w\" sizes=\"(max-width: 2245px) 100vw, 2245px\" \/>            <\/div>\r\n                <div class=\"wrap-content\">\r\n            <h5 class=\"pxl-item--title el-empty\">ICCO Termotec<\/h5>\r\n            <div class=\"pxl-item--description el-empty\">The company ICCO Termotec - manufacturer of double-glazed windows and doors.<\/div>\r\n                        <\/div>\r\n        <\/div>\r\n    <\/div>\t\t<\/div>\n\t\t\t\t<\/div>\n\t\t\t\t<div class=\"elementor-element elementor-element-17c6ac9 elementor-invisible elementor-widget elementor-widget-pxl_process\" data-id=\"17c6ac9\" data-element_type=\"widget\" data-settings=\"{&quot;_animation&quot;:&quot;fadeInUp&quot;}\" data-widget_type=\"pxl_process.default\">\n\t\t\t\t<div class=\"elementor-widget-container\">\n\t\t\t<div class=\"pxl-process pxl-process1\" data-wow-delay=\"ms\">\r\n            <div class=\"pxl-item--step\">\r\n            2000        <\/div>\r\n        <div class=\"pxl-item--inner\">\r\n                    <div class=\"pxl-item--image\">\r\n                <img loading=\"lazy\" decoding=\"async\" width=\"2245\" height=\"735\" src=\"https:\/\/icco.ro\/wp-content\/uploads\/2026\/02\/electronics.png\" class=\"attachment-full\" alt=\"\" srcset=\"https:\/\/icco.ro\/wp-content\/uploads\/2026\/02\/electronics.png 2245w, https:\/\/icco.ro\/wp-content\/uploads\/2026\/02\/electronics-300x98.png 300w, https:\/\/icco.ro\/wp-content\/uploads\/2026\/02\/electronics-1024x335.png 1024w, https:\/\/icco.ro\/wp-content\/uploads\/2026\/02\/electronics-768x251.png 768w, https:\/\/icco.ro\/wp-content\/uploads\/2026\/02\/electronics-1536x503.png 1536w, https:\/\/icco.ro\/wp-content\/uploads\/2026\/02\/electronics-2048x671.png 2048w, https:\/\/icco.ro\/wp-content\/uploads\/2026\/02\/electronics-18x6.png 18w, https:\/\/icco.ro\/wp-content\/uploads\/2026\/02\/electronics-1170x383.png 1170w\" sizes=\"(max-width: 2245px) 100vw, 2245px\" \/>            <\/div>\r\n                <div class=\"wrap-content\">\r\n            <h5 class=\"pxl-item--title el-empty\">ICCO Electronics<\/h5>\r\n            <div class=\"pxl-item--description el-empty translation-block\"><a href=\"http:\/\/www.icco.ro\/en\/electronics\" target=\"_blank\">ICCO Electronics<\/a> is established \u2013 an integrator of solutions for IT and telecommunications projects.<\/div>\r\n                        <\/div>\r\n        <\/div>\r\n    <\/div>\t\t<\/div>\n\t\t\t\t<\/div>\n\t\t\t\t<div class=\"elementor-element elementor-element-c79a2a3 position-left elementor-invisible elementor-widget elementor-widget-pxl_process\" data-id=\"c79a2a3\" data-element_type=\"widget\" data-settings=\"{&quot;_animation&quot;:&quot;fadeInUp&quot;}\" data-widget_type=\"pxl_process.default\">\n\t\t\t\t<div class=\"elementor-widget-container\">\n\t\t\t<div class=\"pxl-process pxl-process1\" data-wow-delay=\"ms\">\r\n            <div class=\"pxl-item--step\">\r\n            2000        <\/div>\r\n        <div class=\"pxl-item--inner\">\r\n                    <div class=\"pxl-item--image\">\r\n                <img loading=\"lazy\" decoding=\"async\" width=\"2245\" height=\"735\" src=\"https:\/\/icco.ro\/wp-content\/uploads\/2026\/02\/ICCO-Medical-1.png\" class=\"attachment-full\" alt=\"\" srcset=\"https:\/\/icco.ro\/wp-content\/uploads\/2026\/02\/ICCO-Medical-1.png 2245w, https:\/\/icco.ro\/wp-content\/uploads\/2026\/02\/ICCO-Medical-1-300x98.png 300w, https:\/\/icco.ro\/wp-content\/uploads\/2026\/02\/ICCO-Medical-1-1024x335.png 1024w, https:\/\/icco.ro\/wp-content\/uploads\/2026\/02\/ICCO-Medical-1-768x251.png 768w, https:\/\/icco.ro\/wp-content\/uploads\/2026\/02\/ICCO-Medical-1-1536x503.png 1536w, https:\/\/icco.ro\/wp-content\/uploads\/2026\/02\/ICCO-Medical-1-2048x671.png 2048w, https:\/\/icco.ro\/wp-content\/uploads\/2026\/02\/ICCO-Medical-1-18x6.png 18w, https:\/\/icco.ro\/wp-content\/uploads\/2026\/02\/ICCO-Medical-1-1170x383.png 1170w\" sizes=\"(max-width: 2245px) 100vw, 2245px\" \/>            <\/div>\r\n                <div class=\"wrap-content\">\r\n            <h5 class=\"pxl-item--title el-empty\">ICCO Medical<\/h5>\r\n            <div class=\"pxl-item--description el-empty translation-block\"><a href=\"http:\/\/www.icco.ro\/en\/medical\" target=\"_blank\">ICCO Medical<\/a> is established \u2013 a distributor of medical equipment and special defense equipment.<\/div>\r\n                        <\/div>\r\n        <\/div>\r\n    <\/div>\t\t<\/div>\n\t\t\t\t<\/div>\n\t\t\t\t<div class=\"elementor-element elementor-element-ea07d50 elementor-invisible elementor-widget elementor-widget-pxl_process\" data-id=\"ea07d50\" data-element_type=\"widget\" data-settings=\"{&quot;_animation&quot;:&quot;fadeInUp&quot;}\" data-widget_type=\"pxl_process.default\">\n\t\t\t\t<div class=\"elementor-widget-container\">\n\t\t\t<div class=\"pxl-process pxl-process1\" data-wow-delay=\"ms\">\r\n            <div class=\"pxl-item--step\">\r\n            2000        <\/div>\r\n        <div class=\"pxl-item--inner\">\r\n                    <div class=\"pxl-item--image\">\r\n                <img loading=\"lazy\" decoding=\"async\" width=\"960\" height=\"370\" src=\"https:\/\/icco.ro\/wp-content\/uploads\/2025\/01\/2000-Carrefour.png\" class=\"attachment-full\" alt=\"\" srcset=\"https:\/\/icco.ro\/wp-content\/uploads\/2025\/01\/2000-Carrefour.png 960w, https:\/\/icco.ro\/wp-content\/uploads\/2025\/01\/2000-Carrefour-600x231.png 600w, https:\/\/icco.ro\/wp-content\/uploads\/2025\/01\/2000-Carrefour-300x116.png 300w, https:\/\/icco.ro\/wp-content\/uploads\/2025\/01\/2000-Carrefour-768x296.png 768w, https:\/\/icco.ro\/wp-content\/uploads\/2025\/01\/2000-Carrefour-18x7.png 18w\" sizes=\"(max-width: 960px) 100vw, 960px\" \/>            <\/div>\r\n                <div class=\"wrap-content\">\r\n            <h5 class=\"pxl-item--title el-empty\">Carrefour<\/h5>\r\n            <div class=\"pxl-item--description el-empty\">The collaboration with Carrefour begins, with contracts totaling 18 million Euros for works at 35 units across Romania.<\/div>\r\n                        <\/div>\r\n        <\/div>\r\n    <\/div>\t\t<\/div>\n\t\t\t\t<\/div>\n\t\t\t\t<div class=\"elementor-element elementor-element-5b91c2e position-left elementor-invisible elementor-widget elementor-widget-pxl_process\" data-id=\"5b91c2e\" data-element_type=\"widget\" data-settings=\"{&quot;_animation&quot;:&quot;fadeInUp&quot;}\" data-widget_type=\"pxl_process.default\">\n\t\t\t\t<div class=\"elementor-widget-container\">\n\t\t\t<div class=\"pxl-process pxl-process1\" data-wow-delay=\"ms\">\r\n            <div class=\"pxl-item--step\">\r\n            1999        <\/div>\r\n        <div class=\"pxl-item--inner\">\r\n                    <div class=\"pxl-item--image\">\r\n                <img loading=\"lazy\" decoding=\"async\" width=\"1024\" height=\"512\" src=\"https:\/\/icco.ro\/wp-content\/uploads\/2025\/02\/1999-iluminat-aeroportuar.jpg\" class=\"attachment-full\" alt=\"\" srcset=\"https:\/\/icco.ro\/wp-content\/uploads\/2025\/02\/1999-iluminat-aeroportuar.jpg 1024w, https:\/\/icco.ro\/wp-content\/uploads\/2025\/02\/1999-iluminat-aeroportuar-600x300.jpg 600w, https:\/\/icco.ro\/wp-content\/uploads\/2025\/02\/1999-iluminat-aeroportuar-300x150.jpg 300w, https:\/\/icco.ro\/wp-content\/uploads\/2025\/02\/1999-iluminat-aeroportuar-768x384.jpg 768w, https:\/\/icco.ro\/wp-content\/uploads\/2025\/02\/1999-iluminat-aeroportuar-18x9.jpg 18w\" sizes=\"(max-width: 1024px) 100vw, 1024px\" \/>            <\/div>\r\n                <div class=\"wrap-content\">\r\n            <h5 class=\"pxl-item--title el-empty\">Aviation Lighting<\/h5>\r\n            <div class=\"pxl-item--description el-empty\">Collaboration with the Ministry of Transport begins for airport lighting and signaling works at six airports in Romania: Timi\u0219oara, Cluj-Napoca, Satu Mare, T\u00e2rgu Mure\u0219, Tulcea, Arad.<\/div>\r\n                        <\/div>\r\n        <\/div>\r\n    <\/div>\t\t<\/div>\n\t\t\t\t<\/div>\n\t\t\t\t<div class=\"elementor-element elementor-element-9b912a8 elementor-invisible elementor-widget elementor-widget-pxl_process\" data-id=\"9b912a8\" data-element_type=\"widget\" data-settings=\"{&quot;_animation&quot;:&quot;fadeInUp&quot;}\" data-widget_type=\"pxl_process.default\">\n\t\t\t\t<div class=\"elementor-widget-container\">\n\t\t\t<div class=\"pxl-process pxl-process1\" data-wow-delay=\"ms\">\r\n            <div class=\"pxl-item--step\">\r\n            1998        <\/div>\r\n        <div class=\"pxl-item--inner\">\r\n                    <div class=\"pxl-item--image\">\r\n                <img loading=\"lazy\" decoding=\"async\" width=\"2245\" height=\"734\" src=\"https:\/\/icco.ro\/wp-content\/uploads\/2026\/02\/electric.png\" class=\"attachment-full\" alt=\"\" srcset=\"https:\/\/icco.ro\/wp-content\/uploads\/2026\/02\/electric.png 2245w, https:\/\/icco.ro\/wp-content\/uploads\/2026\/02\/electric-300x98.png 300w, https:\/\/icco.ro\/wp-content\/uploads\/2026\/02\/electric-1024x335.png 1024w, https:\/\/icco.ro\/wp-content\/uploads\/2026\/02\/electric-768x251.png 768w, https:\/\/icco.ro\/wp-content\/uploads\/2026\/02\/electric-1536x502.png 1536w, https:\/\/icco.ro\/wp-content\/uploads\/2026\/02\/electric-2048x670.png 2048w, https:\/\/icco.ro\/wp-content\/uploads\/2026\/02\/electric-18x6.png 18w, https:\/\/icco.ro\/wp-content\/uploads\/2026\/02\/electric-1170x383.png 1170w\" sizes=\"(max-width: 2245px) 100vw, 2245px\" \/>            <\/div>\r\n                <div class=\"wrap-content\">\r\n            <h5 class=\"pxl-item--title el-empty\">Electrical Equipment<\/h5>\r\n            <div class=\"pxl-item--description el-empty\">The activity of providing turnkey solutions for electrical and lighting equipment begins.<\/div>\r\n                        <\/div>\r\n        <\/div>\r\n    <\/div>\t\t<\/div>\n\t\t\t\t<\/div>\n\t\t\t\t<div class=\"elementor-element elementor-element-d73782e position-left elementor-invisible elementor-widget elementor-widget-pxl_process\" data-id=\"d73782e\" data-element_type=\"widget\" data-settings=\"{&quot;_animation&quot;:&quot;fadeInUp&quot;}\" data-widget_type=\"pxl_process.default\">\n\t\t\t\t<div class=\"elementor-widget-container\">\n\t\t\t<div class=\"pxl-process pxl-process1\" data-wow-delay=\"ms\">\r\n            <div class=\"pxl-item--step\">\r\n            1998        <\/div>\r\n        <div class=\"pxl-item--inner\">\r\n                    <div class=\"pxl-item--image\">\r\n                <img loading=\"lazy\" decoding=\"async\" width=\"960\" height=\"370\" src=\"https:\/\/icco.ro\/wp-content\/uploads\/2025\/01\/1998-Solectron-Timisoara.png\" class=\"attachment-full\" alt=\"\" srcset=\"https:\/\/icco.ro\/wp-content\/uploads\/2025\/01\/1998-Solectron-Timisoara.png 960w, https:\/\/icco.ro\/wp-content\/uploads\/2025\/01\/1998-Solectron-Timisoara-600x231.png 600w, https:\/\/icco.ro\/wp-content\/uploads\/2025\/01\/1998-Solectron-Timisoara-300x116.png 300w, https:\/\/icco.ro\/wp-content\/uploads\/2025\/01\/1998-Solectron-Timisoara-768x296.png 768w, https:\/\/icco.ro\/wp-content\/uploads\/2025\/01\/1998-Solectron-Timisoara-18x7.png 18w\" sizes=\"(max-width: 960px) 100vw, 960px\" \/>            <\/div>\r\n                <div class=\"wrap-content\">\r\n            <h5 class=\"pxl-item--title el-empty\">Solectron Timisoara<\/h5>\r\n            <div class=\"pxl-item--description el-empty\">A 40 million Euro contract is signed for the construction of Solectron Timi\u0219oara (now Flextronics).<\/div>\r\n                        <\/div>\r\n        <\/div>\r\n    <\/div>\t\t<\/div>\n\t\t\t\t<\/div>\n\t\t\t\t<div class=\"elementor-element elementor-element-12f823a elementor-invisible elementor-widget elementor-widget-pxl_process\" data-id=\"12f823a\" data-element_type=\"widget\" data-settings=\"{&quot;_animation&quot;:&quot;fadeInUp&quot;}\" data-widget_type=\"pxl_process.default\">\n\t\t\t\t<div class=\"elementor-widget-container\">\n\t\t\t<div class=\"pxl-process pxl-process1\" data-wow-delay=\"ms\">\r\n            <div class=\"pxl-item--step\">\r\n            1997        <\/div>\r\n        <div class=\"pxl-item--inner\">\r\n                    <div class=\"pxl-item--image\">\r\n                <img loading=\"lazy\" decoding=\"async\" width=\"960\" height=\"367\" src=\"https:\/\/icco.ro\/wp-content\/uploads\/2025\/01\/1997-Assembleon-1-1.png\" class=\"attachment-full\" alt=\"\" srcset=\"https:\/\/icco.ro\/wp-content\/uploads\/2025\/01\/1997-Assembleon-1-1.png 960w, https:\/\/icco.ro\/wp-content\/uploads\/2025\/01\/1997-Assembleon-1-1-600x229.png 600w, https:\/\/icco.ro\/wp-content\/uploads\/2025\/01\/1997-Assembleon-1-1-300x115.png 300w, https:\/\/icco.ro\/wp-content\/uploads\/2025\/01\/1997-Assembleon-1-1-768x294.png 768w, https:\/\/icco.ro\/wp-content\/uploads\/2025\/01\/1997-Assembleon-1-1-18x7.png 18w\" sizes=\"(max-width: 960px) 100vw, 960px\" \/>            <\/div>\r\n                <div class=\"wrap-content\">\r\n            <h5 class=\"pxl-item--title el-empty\">Assembleon<\/h5>\r\n            <div class=\"pxl-item--description el-empty\">Exclusive representation contract with Philips EMT (now Assembleon) \u2013 SMT technology.<\/div>\r\n                        <\/div>\r\n        <\/div>\r\n    <\/div>\t\t<\/div>\n\t\t\t\t<\/div>\n\t\t\t\t<div class=\"elementor-element elementor-element-f817f47 position-left elementor-invisible elementor-widget elementor-widget-pxl_process\" data-id=\"f817f47\" data-element_type=\"widget\" data-settings=\"{&quot;_animation&quot;:&quot;fadeInUp&quot;}\" data-widget_type=\"pxl_process.default\">\n\t\t\t\t<div class=\"elementor-widget-container\">\n\t\t\t<div class=\"pxl-process pxl-process1\" data-wow-delay=\"ms\">\r\n            <div class=\"pxl-item--step\">\r\n            1996        <\/div>\r\n        <div class=\"pxl-item--inner\">\r\n                    <div class=\"pxl-item--image\">\r\n                <img loading=\"lazy\" decoding=\"async\" width=\"960\" height=\"370\" src=\"https:\/\/icco.ro\/wp-content\/uploads\/2025\/01\/1996-IDMAN-Finlanda-1.png\" class=\"attachment-full\" alt=\"\" srcset=\"https:\/\/icco.ro\/wp-content\/uploads\/2025\/01\/1996-IDMAN-Finlanda-1.png 960w, https:\/\/icco.ro\/wp-content\/uploads\/2025\/01\/1996-IDMAN-Finlanda-1-600x231.png 600w, https:\/\/icco.ro\/wp-content\/uploads\/2025\/01\/1996-IDMAN-Finlanda-1-300x116.png 300w, https:\/\/icco.ro\/wp-content\/uploads\/2025\/01\/1996-IDMAN-Finlanda-1-768x296.png 768w, https:\/\/icco.ro\/wp-content\/uploads\/2025\/01\/1996-IDMAN-Finlanda-1-18x7.png 18w\" sizes=\"(max-width: 960px) 100vw, 960px\" \/>            <\/div>\r\n                <div class=\"wrap-content\">\r\n            <h5 class=\"pxl-item--title el-empty\">IDMAN Finland<\/h5>\r\n            <div class=\"pxl-item--description el-empty\">Exclusive representation contract with IDMAN Finland \u2013 airport lighting and signaling equipment.<\/div>\r\n                        <\/div>\r\n        <\/div>\r\n    <\/div>\t\t<\/div>\n\t\t\t\t<\/div>\n\t\t\t\t<div class=\"elementor-element elementor-element-2ecf8f0 elementor-invisible elementor-widget elementor-widget-pxl_process\" data-id=\"2ecf8f0\" data-element_type=\"widget\" data-settings=\"{&quot;_animation&quot;:&quot;fadeInUp&quot;}\" data-widget_type=\"pxl_process.default\">\n\t\t\t\t<div class=\"elementor-widget-container\">\n\t\t\t<div class=\"pxl-process pxl-process1\" data-wow-delay=\"ms\">\r\n            <div class=\"pxl-item--step\">\r\n            1996        <\/div>\r\n        <div class=\"pxl-item--inner\">\r\n                    <div class=\"pxl-item--image\">\r\n                <img loading=\"lazy\" decoding=\"async\" width=\"1920\" height=\"740\" src=\"https:\/\/icco.ro\/wp-content\/uploads\/2025\/01\/1996-Schneider-Franta.png\" class=\"attachment-full\" alt=\"\" srcset=\"https:\/\/icco.ro\/wp-content\/uploads\/2025\/01\/1996-Schneider-Franta.png 1920w, https:\/\/icco.ro\/wp-content\/uploads\/2025\/01\/1996-Schneider-Franta-600x231.png 600w, https:\/\/icco.ro\/wp-content\/uploads\/2025\/01\/1996-Schneider-Franta-300x116.png 300w, https:\/\/icco.ro\/wp-content\/uploads\/2025\/01\/1996-Schneider-Franta-1024x395.png 1024w, https:\/\/icco.ro\/wp-content\/uploads\/2025\/01\/1996-Schneider-Franta-768x296.png 768w, https:\/\/icco.ro\/wp-content\/uploads\/2025\/01\/1996-Schneider-Franta-1536x592.png 1536w, https:\/\/icco.ro\/wp-content\/uploads\/2025\/01\/1996-Schneider-Franta-18x7.png 18w, https:\/\/icco.ro\/wp-content\/uploads\/2025\/01\/1996-Schneider-Franta-1170x451.png 1170w\" sizes=\"(max-width: 1920px) 100vw, 1920px\" \/>            <\/div>\r\n                <div class=\"wrap-content\">\r\n            <h5 class=\"pxl-item--title el-empty\">Schneider France<\/h5>\r\n            <div class=\"pxl-item--description el-empty\">National distribution agreement with Schneider France.<\/div>\r\n                        <\/div>\r\n        <\/div>\r\n    <\/div>\t\t<\/div>\n\t\t\t\t<\/div>\n\t\t\t\t<div class=\"elementor-element elementor-element-f5a5d18 position-left elementor-invisible elementor-widget elementor-widget-pxl_process\" data-id=\"f5a5d18\" data-element_type=\"widget\" data-settings=\"{&quot;_animation&quot;:&quot;fadeInUp&quot;}\" data-widget_type=\"pxl_process.default\">\n\t\t\t\t<div class=\"elementor-widget-container\">\n\t\t\t<div class=\"pxl-process pxl-process1\" data-wow-delay=\"ms\">\r\n            <div class=\"pxl-item--step\">\r\n            1994        <\/div>\r\n        <div class=\"pxl-item--inner\">\r\n                    <div class=\"pxl-item--image\">\r\n                <img loading=\"lazy\" decoding=\"async\" width=\"1920\" height=\"740\" src=\"https:\/\/icco.ro\/wp-content\/uploads\/2025\/01\/1994-MDS-Nordion-Theratronics.png\" class=\"attachment-full\" alt=\"\" srcset=\"https:\/\/icco.ro\/wp-content\/uploads\/2025\/01\/1994-MDS-Nordion-Theratronics.png 1920w, https:\/\/icco.ro\/wp-content\/uploads\/2025\/01\/1994-MDS-Nordion-Theratronics-600x231.png 600w, https:\/\/icco.ro\/wp-content\/uploads\/2025\/01\/1994-MDS-Nordion-Theratronics-300x116.png 300w, https:\/\/icco.ro\/wp-content\/uploads\/2025\/01\/1994-MDS-Nordion-Theratronics-1024x395.png 1024w, https:\/\/icco.ro\/wp-content\/uploads\/2025\/01\/1994-MDS-Nordion-Theratronics-768x296.png 768w, https:\/\/icco.ro\/wp-content\/uploads\/2025\/01\/1994-MDS-Nordion-Theratronics-1536x592.png 1536w, https:\/\/icco.ro\/wp-content\/uploads\/2025\/01\/1994-MDS-Nordion-Theratronics-18x7.png 18w, https:\/\/icco.ro\/wp-content\/uploads\/2025\/01\/1994-MDS-Nordion-Theratronics-1170x451.png 1170w\" sizes=\"(max-width: 1920px) 100vw, 1920px\" \/>            <\/div>\r\n                <div class=\"wrap-content\">\r\n            <h5 class=\"pxl-item--title el-empty\">MDS Nordion Theratronics<\/h5>\r\n            <div class=\"pxl-item--description el-empty translation-block\">Exclusive representation contract with MDS Nordion Theratronics Canada \u2013 manufacturer of nuclear medical equipment and cobalt therapy equipment (the foundation of the future <a href=\"http:\/\/www.icco.ro\/en\/medical\" target=\"_blank\">ICCO Medical<\/a>).<\/div>\r\n                        <\/div>\r\n        <\/div>\r\n    <\/div>\t\t<\/div>\n\t\t\t\t<\/div>\n\t\t\t\t<div class=\"elementor-element elementor-element-656f288 elementor-invisible elementor-widget elementor-widget-pxl_process\" data-id=\"656f288\" data-element_type=\"widget\" data-settings=\"{&quot;_animation&quot;:&quot;fadeInUp&quot;}\" data-widget_type=\"pxl_process.default\">\n\t\t\t\t<div class=\"elementor-widget-container\">\n\t\t\t<div class=\"pxl-process pxl-process1\" data-wow-delay=\"ms\">\r\n            <div class=\"pxl-item--step\">\r\n            1994        <\/div>\r\n        <div class=\"pxl-item--inner\">\r\n                    <div class=\"pxl-item--image\">\r\n                <img loading=\"lazy\" decoding=\"async\" width=\"2245\" height=\"734\" src=\"https:\/\/icco.ro\/wp-content\/uploads\/2026\/02\/electric.png\" class=\"attachment-full\" alt=\"\" srcset=\"https:\/\/icco.ro\/wp-content\/uploads\/2026\/02\/electric.png 2245w, https:\/\/icco.ro\/wp-content\/uploads\/2026\/02\/electric-300x98.png 300w, https:\/\/icco.ro\/wp-content\/uploads\/2026\/02\/electric-1024x335.png 1024w, https:\/\/icco.ro\/wp-content\/uploads\/2026\/02\/electric-768x251.png 768w, https:\/\/icco.ro\/wp-content\/uploads\/2026\/02\/electric-1536x502.png 1536w, https:\/\/icco.ro\/wp-content\/uploads\/2026\/02\/electric-2048x670.png 2048w, https:\/\/icco.ro\/wp-content\/uploads\/2026\/02\/electric-18x6.png 18w, https:\/\/icco.ro\/wp-content\/uploads\/2026\/02\/electric-1170x383.png 1170w\" sizes=\"(max-width: 2245px) 100vw, 2245px\" \/>            <\/div>\r\n                <div class=\"wrap-content\">\r\n            <h5 class=\"pxl-item--title el-empty\">ICCO Electric<\/h5>\r\n            <div class=\"pxl-item--description el-empty translation-block\"><a href=\"http:\/\/www.icco.ro\/en\/electric\" target=\"_blank\">ICCO Electric<\/a> is established \u2013 a general contractor for electrical installation works.<\/div>\r\n                        <\/div>\r\n        <\/div>\r\n    <\/div>\t\t<\/div>\n\t\t\t\t<\/div>\n\t\t\t\t<div class=\"elementor-element elementor-element-9036b7a position-left elementor-invisible elementor-widget elementor-widget-pxl_process\" data-id=\"9036b7a\" data-element_type=\"widget\" data-settings=\"{&quot;_animation&quot;:&quot;fadeInUp&quot;}\" data-widget_type=\"pxl_process.default\">\n\t\t\t\t<div class=\"elementor-widget-container\">\n\t\t\t<div class=\"pxl-process pxl-process1\" data-wow-delay=\"ms\">\r\n            <div class=\"pxl-item--step\">\r\n            1993        <\/div>\r\n        <div class=\"pxl-item--inner\">\r\n                    <div class=\"pxl-item--image\">\r\n                <img loading=\"lazy\" decoding=\"async\" width=\"960\" height=\"370\" src=\"https:\/\/icco.ro\/wp-content\/uploads\/2025\/01\/1993-ICCO-Systems.png\" class=\"attachment-full\" alt=\"\" srcset=\"https:\/\/icco.ro\/wp-content\/uploads\/2025\/01\/1993-ICCO-Systems.png 960w, https:\/\/icco.ro\/wp-content\/uploads\/2025\/01\/1993-ICCO-Systems-600x231.png 600w, https:\/\/icco.ro\/wp-content\/uploads\/2025\/01\/1993-ICCO-Systems-300x116.png 300w, https:\/\/icco.ro\/wp-content\/uploads\/2025\/01\/1993-ICCO-Systems-768x296.png 768w, https:\/\/icco.ro\/wp-content\/uploads\/2025\/01\/1993-ICCO-Systems-18x7.png 18w\" sizes=\"(max-width: 960px) 100vw, 960px\" \/>            <\/div>\r\n                <div class=\"wrap-content\">\r\n            <h5 class=\"pxl-item--title el-empty\">ICCO Systems<\/h5>\r\n            <div class=\"pxl-item--description el-empty translation-block\"><a href=\"http:\/\/www.icco.ro\/en\/systems\" target=\"_blank\">ICCO Systems<\/a> is established \u2013 a supplier of security and communication equipment, access control, fire detection.<\/div>\r\n                        <\/div>\r\n        <\/div>\r\n    <\/div>\t\t<\/div>\n\t\t\t\t<\/div>\n\t\t\t\t<div class=\"elementor-element elementor-element-232d85d elementor-invisible elementor-widget elementor-widget-pxl_process\" data-id=\"232d85d\" data-element_type=\"widget\" data-settings=\"{&quot;_animation&quot;:&quot;fadeInUp&quot;}\" data-widget_type=\"pxl_process.default\">\n\t\t\t\t<div class=\"elementor-widget-container\">\n\t\t\t<div class=\"pxl-process pxl-process1\" data-wow-delay=\"ms\">\r\n            <div class=\"pxl-item--step\">\r\n            1993        <\/div>\r\n        <div class=\"pxl-item--inner\">\r\n                    <div class=\"pxl-item--image\">\r\n                <img loading=\"lazy\" decoding=\"async\" width=\"960\" height=\"370\" src=\"https:\/\/icco.ro\/wp-content\/uploads\/2025\/01\/1993-Philips-Lighting.png\" class=\"attachment-full\" alt=\"\" srcset=\"https:\/\/icco.ro\/wp-content\/uploads\/2025\/01\/1993-Philips-Lighting.png 960w, https:\/\/icco.ro\/wp-content\/uploads\/2025\/01\/1993-Philips-Lighting-600x231.png 600w, https:\/\/icco.ro\/wp-content\/uploads\/2025\/01\/1993-Philips-Lighting-300x116.png 300w, https:\/\/icco.ro\/wp-content\/uploads\/2025\/01\/1993-Philips-Lighting-768x296.png 768w, https:\/\/icco.ro\/wp-content\/uploads\/2025\/01\/1993-Philips-Lighting-18x7.png 18w\" sizes=\"(max-width: 960px) 100vw, 960px\" \/>            <\/div>\r\n                <div class=\"wrap-content\">\r\n            <h5 class=\"pxl-item--title el-empty\">Philips Lighting<\/h5>\r\n            <div class=\"pxl-item--description el-empty translation-block\">A distribution agreement with Philips Lighting is signed (the foundation for the future  <a href=\"http:\/\/www.icco.ro\/en\/electric\" target=\"_blank\">ICCO Electric<\/a>).<\/div>\r\n                        <\/div>\r\n        <\/div>\r\n    <\/div>\t\t<\/div>\n\t\t\t\t<\/div>\n\t\t\t\t<div class=\"elementor-element elementor-element-edd51e2 position-left elementor-invisible elementor-widget elementor-widget-pxl_process\" data-id=\"edd51e2\" data-element_type=\"widget\" data-settings=\"{&quot;_animation&quot;:&quot;fadeInUp&quot;}\" data-widget_type=\"pxl_process.default\">\n\t\t\t\t<div class=\"elementor-widget-container\">\n\t\t\t<div class=\"pxl-process pxl-process1\" data-wow-delay=\"ms\">\r\n            <div class=\"pxl-item--step\">\r\n            1992        <\/div>\r\n        <div class=\"pxl-item--inner\">\r\n                    <div class=\"pxl-item--image\">\r\n                <img loading=\"lazy\" decoding=\"async\" width=\"2263\" height=\"740\" src=\"https:\/\/icco.ro\/wp-content\/uploads\/2026\/02\/EMT-PNG-1.png\" class=\"attachment-full\" alt=\"\" srcset=\"https:\/\/icco.ro\/wp-content\/uploads\/2026\/02\/EMT-PNG-1.png 2263w, https:\/\/icco.ro\/wp-content\/uploads\/2026\/02\/EMT-PNG-1-300x98.png 300w, https:\/\/icco.ro\/wp-content\/uploads\/2026\/02\/EMT-PNG-1-1024x335.png 1024w, https:\/\/icco.ro\/wp-content\/uploads\/2026\/02\/EMT-PNG-1-768x251.png 768w, https:\/\/icco.ro\/wp-content\/uploads\/2026\/02\/EMT-PNG-1-1536x502.png 1536w, https:\/\/icco.ro\/wp-content\/uploads\/2026\/02\/EMT-PNG-1-2048x670.png 2048w, https:\/\/icco.ro\/wp-content\/uploads\/2026\/02\/EMT-PNG-1-18x6.png 18w, https:\/\/icco.ro\/wp-content\/uploads\/2026\/02\/EMT-PNG-1-1170x383.png 1170w\" sizes=\"(max-width: 2263px) 100vw, 2263px\" \/>            <\/div>\r\n                <div class=\"wrap-content\">\r\n            <h5 class=\"pxl-item--title el-empty\">ICCO EMT<\/h5>\r\n            <div class=\"pxl-item--description el-empty\">Setting up the firm <a href=\"\/en\/emt\/\" target=\"_blank\">ICCO EMT<\/a> - supplier of equipment, services and solutions for the electronics industry, SMT manufacturing.<\/div>\r\n                        <\/div>\r\n        <\/div>\r\n    <\/div>\t\t<\/div>\n\t\t\t\t<\/div>\n\t\t\t\t<div class=\"elementor-element elementor-element-23a3dd1 elementor-invisible elementor-widget elementor-widget-pxl_process\" data-id=\"23a3dd1\" data-element_type=\"widget\" data-settings=\"{&quot;_animation&quot;:&quot;fadeInUp&quot;}\" data-widget_type=\"pxl_process.default\">\n\t\t\t\t<div class=\"elementor-widget-container\">\n\t\t\t<div class=\"pxl-process pxl-process1\" data-wow-delay=\"ms\">\r\n            <div class=\"pxl-item--step\">\r\n            1992        <\/div>\r\n        <div class=\"pxl-item--inner\">\r\n                    <div class=\"pxl-item--image\">\r\n                <img loading=\"lazy\" decoding=\"async\" width=\"960\" height=\"370\" src=\"https:\/\/icco.ro\/wp-content\/uploads\/2025\/01\/1992-Philips.png\" class=\"attachment-full\" alt=\"\" srcset=\"https:\/\/icco.ro\/wp-content\/uploads\/2025\/01\/1992-Philips.png 960w, https:\/\/icco.ro\/wp-content\/uploads\/2025\/01\/1992-Philips-600x231.png 600w, https:\/\/icco.ro\/wp-content\/uploads\/2025\/01\/1992-Philips-300x116.png 300w, https:\/\/icco.ro\/wp-content\/uploads\/2025\/01\/1992-Philips-768x296.png 768w, https:\/\/icco.ro\/wp-content\/uploads\/2025\/01\/1992-Philips-18x7.png 18w\" sizes=\"(max-width: 960px) 100vw, 960px\" \/>            <\/div>\r\n                <div class=\"wrap-content\">\r\n            <h5 class=\"pxl-item--title el-empty\">Philips<\/h5>\r\n            <div class=\"pxl-item--description el-empty\">The first distribution agreement with Philips is concluded.<\/div>\r\n                        <\/div>\r\n        <\/div>\r\n    <\/div>\t\t<\/div>\n\t\t\t\t<\/div>\n\t\t\t\t<div class=\"elementor-element elementor-element-a3b3eb7 position-left elementor-invisible elementor-widget elementor-widget-pxl_process\" data-id=\"a3b3eb7\" data-element_type=\"widget\" data-settings=\"{&quot;_animation&quot;:&quot;fadeInUp&quot;}\" data-widget_type=\"pxl_process.default\">\n\t\t\t\t<div class=\"elementor-widget-container\">\n\t\t\t<div class=\"pxl-process pxl-process1\" data-wow-delay=\"ms\">\r\n            <div class=\"pxl-item--step\">\r\n            1991        <\/div>\r\n        <div class=\"pxl-item--inner\">\r\n                    <div class=\"pxl-item--image\">\r\n                <img loading=\"lazy\" decoding=\"async\" width=\"2245\" height=\"735\" src=\"https:\/\/icco.ro\/wp-content\/uploads\/2026\/02\/1991_ICCO-blue.png\" class=\"attachment-full\" alt=\"\" srcset=\"https:\/\/icco.ro\/wp-content\/uploads\/2026\/02\/1991_ICCO-blue.png 2245w, https:\/\/icco.ro\/wp-content\/uploads\/2026\/02\/1991_ICCO-blue-300x98.png 300w, https:\/\/icco.ro\/wp-content\/uploads\/2026\/02\/1991_ICCO-blue-1024x335.png 1024w, https:\/\/icco.ro\/wp-content\/uploads\/2026\/02\/1991_ICCO-blue-768x251.png 768w, https:\/\/icco.ro\/wp-content\/uploads\/2026\/02\/1991_ICCO-blue-1536x503.png 1536w, https:\/\/icco.ro\/wp-content\/uploads\/2026\/02\/1991_ICCO-blue-2048x671.png 2048w, https:\/\/icco.ro\/wp-content\/uploads\/2026\/02\/1991_ICCO-blue-18x6.png 18w, https:\/\/icco.ro\/wp-content\/uploads\/2026\/02\/1991_ICCO-blue-1170x383.png 1170w\" sizes=\"(max-width: 2245px) 100vw, 2245px\" \/>            <\/div>\r\n                <div class=\"wrap-content\">\r\n            <h5 class=\"pxl-item--title el-empty\">SC ICCO SRL<\/h5>\r\n            <div class=\"pxl-item--description el-empty\">On July 10, 1991, SC ICCO SRL is established in its current legal form.<\/div>\r\n                        <\/div>\r\n        <\/div>\r\n    <\/div>\t\t<\/div>\n\t\t\t\t<\/div>\n\t\t\t\t<div class=\"elementor-element elementor-element-581d753 elementor-invisible elementor-widget elementor-widget-pxl_process\" data-id=\"581d753\" data-element_type=\"widget\" data-settings=\"{&quot;_animation&quot;:&quot;fadeInUp&quot;}\" data-widget_type=\"pxl_process.default\">\n\t\t\t\t<div class=\"elementor-widget-container\">\n\t\t\t<div class=\"pxl-process pxl-process1\" data-wow-delay=\"ms\">\r\n            <div class=\"pxl-item--step\">\r\n            1990        <\/div>\r\n        <div class=\"pxl-item--inner\">\r\n                    <div class=\"pxl-item--image\">\r\n                <img loading=\"lazy\" decoding=\"async\" width=\"960\" height=\"370\" src=\"https:\/\/icco.ro\/wp-content\/uploads\/2025\/01\/1990-ICCO.png\" class=\"attachment-full\" alt=\"\" srcset=\"https:\/\/icco.ro\/wp-content\/uploads\/2025\/01\/1990-ICCO.png 960w, https:\/\/icco.ro\/wp-content\/uploads\/2025\/01\/1990-ICCO-600x231.png 600w, https:\/\/icco.ro\/wp-content\/uploads\/2025\/01\/1990-ICCO-300x116.png 300w, https:\/\/icco.ro\/wp-content\/uploads\/2025\/01\/1990-ICCO-768x296.png 768w, https:\/\/icco.ro\/wp-content\/uploads\/2025\/01\/1990-ICCO-18x7.png 18w\" sizes=\"(max-width: 960px) 100vw, 960px\" \/>            <\/div>\r\n                <div class=\"wrap-content\">\r\n            <h5 class=\"pxl-item--title el-empty\">ICCO<\/h5>\r\n            <div class=\"pxl-item--description el-empty\">ICCO (short for Computer Enterprise and Commerce) is established.<\/div>\r\n                        <\/div>\r\n        <\/div>\r\n    <\/div>\t\t<\/div>\n\t\t\t\t<\/div>\n\t\t            <\/div>\r\n        <\/div>\r\n        \t\t\t<\/div>\n\t\t<\/section>\n\t\t\t\t<\/div>","protected":false},"excerpt":{"rendered":"<p>Istoric ISTORIC Evolu\u021bia ICCO De la \u00eenfiin\u021bare p\u00e2n\u0103 \u00een prezent, fiecare etap\u0103 din istoria ICCO reflect\u0103 inova\u021bia, perseveren\u021ba \u0219i angajamentul fa\u021b\u0103 de excelen\u021b\u0103. Descoperi\u021bi momentele cheie care ne-au definit parcursul \u0219i ne-au consolidat pozi\u021bia de lider \u00een multiple industrii. 2025 Inaugurarea fabricii Thermotop Fabrica Thermotop produce pl\u0103ci termoizolante cu spum\u0103 PIR, un material superior pentru [&hellip;]<\/p>\n","protected":false},"author":1,"featured_media":21063,"parent":0,"menu_order":0,"comment_status":"closed","ping_status":"closed","template":"","meta":{"footnotes":""},"class_list":["post-15688","page","type-page","status-publish","has-post-thumbnail","hentry"],"yoast_head":"<!-- This site is optimized with the Yoast SEO plugin v24.1 - https:\/\/yoast.com\/wordpress\/plugins\/seo\/ -->\n<title>Istoria ICCO | peste 30 de ani de inova\u021bie \u0219i excelen\u021b\u0103<\/title>\n<meta name=\"description\" content=\"ICCO - descoper\u0103 evolu\u021bia companiei de la \u00eenfiin\u021bare p\u00e2n\u0103 \u00een prezent, cu momente cheie ce au consolidat pozi\u021bia noastr\u0103 de lider \u00een domeniul solu\u021biilor integrate pentru diverse industrii.\" \/>\n<meta name=\"robots\" content=\"index, follow, max-snippet:-1, max-image-preview:large, max-video-preview:-1\" \/>\n<link rel=\"canonical\" href=\"https:\/\/icco.ro\/en\/history\/\" \/>\n<meta property=\"og:locale\" content=\"en_US\" \/>\n<meta property=\"og:type\" content=\"article\" \/>\n<meta property=\"og:title\" content=\"Istoria ICCO | peste 30 de ani de inova\u021bie \u0219i excelen\u021b\u0103\" \/>\n<meta property=\"og:description\" content=\"ICCO - descoper\u0103 evolu\u021bia companiei de la \u00eenfiin\u021bare p\u00e2n\u0103 \u00een prezent, cu momente cheie ce au consolidat pozi\u021bia noastr\u0103 de lider \u00een domeniul solu\u021biilor integrate pentru diverse industrii.\" \/>\n<meta property=\"og:url\" content=\"https:\/\/icco.ro\/en\/history\/\" \/>\n<meta property=\"og:site_name\" content=\"ICCO - Enjoy your business!\" \/>\n<meta property=\"article:modified_time\" content=\"2026-02-23T12:57:30+00:00\" \/>\n<meta property=\"og:image\" content=\"https:\/\/icco.ro\/wp-content\/uploads\/2025\/02\/icco-meta-history.webp\" \/>\n\t<meta property=\"og:image:width\" content=\"2393\" \/>\n\t<meta property=\"og:image:height\" content=\"1248\" \/>\n\t<meta property=\"og:image:type\" content=\"image\/webp\" \/>\n<meta name=\"twitter:card\" content=\"summary_large_image\" \/>\n<!-- \/ Yoast SEO plugin. -->","yoast_head_json":{"title":"ICCO History | Over 30 Years of innovation and excellence","description":"ICCO - discover the company\u2019s journey from inception to present, with key milestones that have solidified our position as a leader in integrated solutions for various industries.","robots":{"index":"index","follow":"follow","max-snippet":"max-snippet:-1","max-image-preview":"max-image-preview:large","max-video-preview":"max-video-preview:-1"},"canonical":"https:\/\/icco.ro\/en\/history\/","og_locale":"en_US","og_type":"article","og_title":"Istoria ICCO | peste 30 de ani de inova\u021bie \u0219i excelen\u021b\u0103","og_description":"ICCO - descoper\u0103 evolu\u021bia companiei de la \u00eenfiin\u021bare p\u00e2n\u0103 \u00een prezent, cu momente cheie ce au consolidat pozi\u021bia noastr\u0103 de lider \u00een domeniul solu\u021biilor integrate pentru diverse industrii.","og_url":"https:\/\/icco.ro\/en\/history\/","og_site_name":"ICCO - Enjoy your business!","article_modified_time":"2026-02-23T12:57:30+00:00","og_image":[{"width":2393,"height":1248,"url":"https:\/\/icco.ro\/wp-content\/uploads\/2025\/02\/icco-meta-history.webp","type":"image\/webp"}],"twitter_card":"summary_large_image","schema":{"@context":"https:\/\/schema.org","@graph":[{"@type":"WebPage","@id":"https:\/\/icco.ro\/en\/istoric\/","url":"https:\/\/icco.ro\/en\/istoric\/","name":"ICCO History | Over 30 Years of innovation and excellence","isPartOf":{"@id":"https:\/\/icco.ro\/en\/#website"},"primaryImageOfPage":{"@id":"https:\/\/icco.ro\/en\/istoric\/#primaryimage"},"image":{"@id":"https:\/\/icco.ro\/en\/istoric\/#primaryimage"},"thumbnailUrl":"https:\/\/icco.ro\/wp-content\/uploads\/2025\/02\/icco-meta-history.webp","datePublished":"2024-12-10T16:25:59+00:00","dateModified":"2026-02-23T12:57:30+00:00","description":"ICCO - discover the company\u2019s journey from inception to present, with key milestones that have solidified our position as a leader in integrated solutions for various industries.","breadcrumb":{"@id":"https:\/\/icco.ro\/en\/istoric\/#breadcrumb"},"inLanguage":"en-US","potentialAction":[{"@type":"ReadAction","target":["https:\/\/icco.ro\/en\/istoric\/"]}]},{"@type":"ImageObject","inLanguage":"en-US","@id":"https:\/\/icco.ro\/en\/istoric\/#primaryimage","url":"https:\/\/icco.ro\/wp-content\/uploads\/2025\/02\/icco-meta-history.webp","contentUrl":"https:\/\/icco.ro\/wp-content\/uploads\/2025\/02\/icco-meta-history.webp","width":2393,"height":1248},{"@type":"BreadcrumbList","@id":"https:\/\/icco.ro\/en\/istoric\/#breadcrumb","itemListElement":[{"@type":"ListItem","position":1,"name":"Home","item":"https:\/\/icco.ro\/"},{"@type":"ListItem","position":2,"name":"Istoric"}]},{"@type":"WebSite","@id":"https:\/\/icco.ro\/en\/#website","url":"https:\/\/icco.ro\/en\/","name":"ICCO - Enjoy your business!","description":"Business Consulting","publisher":{"@id":"https:\/\/icco.ro\/en\/#organization"},"inLanguage":"en-US"},{"@type":"Organization","@id":"https:\/\/icco.ro\/en\/#organization","name":"ICCO - Enjoy your business!","url":"https:\/\/icco.ro\/en\/","logo":{"@type":"ImageObject","inLanguage":"en-US","@id":"https:\/\/icco.ro\/en\/#\/schema\/logo\/image\/","url":"https:\/\/icco.ro\/wp-content\/uploads\/2025\/02\/cropped-icco-512-light.png","contentUrl":"https:\/\/icco.ro\/wp-content\/uploads\/2025\/02\/cropped-icco-512-light.png","width":512,"height":512,"caption":"ICCO - Enjoy your business!"},"image":{"@id":"https:\/\/icco.ro\/en\/#\/schema\/logo\/image\/"}}]}},"_links":{"self":[{"href":"https:\/\/icco.ro\/en\/wp-json\/wp\/v2\/pages\/15688","targetHints":{"allow":["GET"]}}],"collection":[{"href":"https:\/\/icco.ro\/en\/wp-json\/wp\/v2\/pages"}],"about":[{"href":"https:\/\/icco.ro\/en\/wp-json\/wp\/v2\/types\/page"}],"author":[{"embeddable":true,"href":"https:\/\/icco.ro\/en\/wp-json\/wp\/v2\/users\/1"}],"replies":[{"embeddable":true,"href":"https:\/\/icco.ro\/en\/wp-json\/wp\/v2\/comments?post=15688"}],"version-history":[{"count":204,"href":"https:\/\/icco.ro\/en\/wp-json\/wp\/v2\/pages\/15688\/revisions"}],"predecessor-version":[{"id":22642,"href":"https:\/\/icco.ro\/en\/wp-json\/wp\/v2\/pages\/15688\/revisions\/22642"}],"wp:featuredmedia":[{"embeddable":true,"href":"https:\/\/icco.ro\/en\/wp-json\/wp\/v2\/media\/21063"}],"wp:attachment":[{"href":"https:\/\/icco.ro\/en\/wp-json\/wp\/v2\/media?parent=15688"}],"curies":[{"name":"wp","href":"https:\/\/api.w.org\/{rel}","templated":true}]}}